{"id":16368,"date":"2024-07-16T18:16:50","date_gmt":"2024-07-16T18:16:50","guid":{"rendered":"https:\/\/communalfirstsaturdays.org\/?page_id=16368"},"modified":"2024-07-16T22:06:18","modified_gmt":"2024-07-16T22:06:18","slug":"overview","status":"publish","type":"page","link":"https:\/\/communalfirstsaturdays.org\/es\/overview\/","title":{"rendered":"A vista de \u00e1guila"},"content":{"rendered":"<div data-elementor-type=\"wp-page\" data-elementor-id=\"16368\" class=\"elementor elementor-16368\" data-elementor-post-type=\"page\">\n\t\t\t\t<div class=\"elementor-element elementor-element-10a9efe e-flex e-con-boxed e-con e-parent\" data-id=\"10a9efe\" data-element_type=\"container\" data-e-type=\"container\" data-settings=\"{&quot;jet_parallax_layout_list&quot;:[]}\">\n\t\t\t\t\t<div class=\"e-con-inner\">\n\t\t\t\t<div class=\"elementor-element elementor-element-7e4e36c elementor-widget elementor-widget-heading\" data-id=\"7e4e36c\" data-element_type=\"widget\" data-e-type=\"widget\" data-widget_type=\"heading.default\">\n\t\t\t\t<div class=\"elementor-widget-container\">\n\t\t\t\t\t<h2 class=\"elementor-heading-title elementor-size-default\">Dios quiere instaurar en el mundo la devoci\u00f3n al Coraz\u00f3n Inmaculado de Mar\u00eda<\/h2>\t\t\t\t<\/div>\n\t\t\t\t<\/div>\n\t\t\t\t\t<\/div>\n\t\t\t\t<\/div>\n\t\t<div class=\"elementor-element elementor-element-514dc08 e-flex e-con-boxed e-con e-parent\" data-id=\"514dc08\" data-element_type=\"container\" data-e-type=\"container\" data-settings=\"{&quot;jet_parallax_layout_list&quot;:[]}\">\n\t\t\t\t\t<div class=\"e-con-inner\">\n\t\t\t\t<div class=\"elementor-element elementor-element-8919e25 elementor-widget elementor-widget-text-editor\" data-id=\"8919e25\" data-element_type=\"widget\" data-e-type=\"widget\" data-widget_type=\"text-editor.default\">\n\t\t\t\t<div class=\"elementor-widget-container\">\n\t\t\t\t\t\t\t\t\t<p style=\"font-weight: 400;\">Dios desea <strong>establecer devotio<\/strong>n al Coraz\u00f3n Inmaculado de Mar\u00eda en el mundo (Nuestra Se\u00f1ora de F\u00e1tima, 13 de junio<sup>-<\/sup> y el 13 de julio<sup>-<\/sup>, 1917). Para ello, la Virgen nos hizo dos peticiones especiales:<\/p><ul><li>. <strong>1<sup>-<\/sup> petici\u00f3n especial<\/strong> fue para una consagraci\u00f3n colegial por el Papa y los obispos.<\/li><li>. <strong>2<sup>da<\/sup> petici\u00f3n especial<\/strong> es para los Primeros S\u00e1bados. De las dos peticiones, la de los Primeros S\u00e1bados es la que nos corresponde hacer a cl\u00e9rigos y laicos<\/li><\/ul><p style=\"font-weight: 400;\">El 10 de diciembre de 1925, la Virgen volvi\u00f3 para explicar lo que deb\u00eda cumplirse el Primer S\u00e1bado. El Ni\u00f1o Jes\u00fas vino con Ella.<\/p><p style=\"font-weight: 400;\">El Ni\u00f1o Jes\u00fas dijo a Sor Luc\u00eda:<\/p><p style=\"font-weight: 400;\">\"Ten compasi\u00f3n del Coraz\u00f3n de tu Sant\u00edsima Madre cubierto de las espinas con que los hombres ingratos lo traspasan a cada instante, y no hay quien se las quite con un acto de reparaci\u00f3n.\"<\/p><p style=\"font-weight: 400;\">\u00a0\u00a0\u00a0\u00a0\u00a0\u00a0\u00a0\u00a0\u00a0\u00a0\u00a0 Nuestra Se\u00f1ora dijo entonces:<\/p><p style=\"font-weight: 400;\">\u00a0\"Hija m\u00eda, mira Mi Coraz\u00f3n rodeado de las espinas con que los hombres ingratos lo traspasan a cada instante con sus blasfemias e ingratitudes. T\u00fa al menos trata de consolarme, y di que prometo asistir en la hora de la muerte con todas las gracias necesarias para la salvaci\u00f3n a todos aquellos que el primer s\u00e1bado de cinco meses consecutivos, se confiesen y comulguen, recen cinco decenas del Rosario y me hagan compa\u00f1\u00eda durante un cuarto de hora meditando los misterios del Rosario, con la intenci\u00f3n de desagraviarme.\" <em>(10 de diciembre de 1925).<\/em><\/p><p><strong>El significado de establecer<\/strong><\/p><p style=\"font-weight: 400;\">Si queremos instaurar la devoci\u00f3n al Coraz\u00f3n Inmaculado de Mar\u00eda, no basta con hacer la devoci\u00f3n de los Primeros S\u00e1bados en privado.\u00a0<strong>s\u00f3lo<\/strong>. Como Dios quiere, debe ser <strong>establecido <\/strong>en el mundo.<\/p><ul><li>Para establecer algo, debe ser visible, p\u00fablico, permanente, continuo.<\/li><li>Para establecer algo en la Iglesia, tambi\u00e9n debe ser aprobado por la Iglesia.<\/li><\/ul><p style=\"font-weight: 400;\">Los primeros s\u00e1bados deben ser\u00a0<strong>establecido\u00a0<\/strong>en las parroquias y no en\u00a0<strong>cualquier<\/strong>\u00a0forma p\u00fablica, sino de un modo aprobado por la Iglesia. De lo contrario, si no es p\u00fablica y comunitaria, no hay forma de saber que los fieles est\u00e1n cumpliendo las pr\u00e1cticas de la petici\u00f3n de Nuestra Se\u00f1ora por la paz mundial. A la Virgen no se le reconocer\u00eda el m\u00e9rito del triunfo. Ser\u00eda una injusticia contra su Coraz\u00f3n, un obst\u00e1culo para la paz.<\/p>\t\t\t\t\t\t\t\t<\/div>\n\t\t\t\t<\/div>\n\t\t\t\t\t<\/div>\n\t\t\t\t<\/div>\n\t\t<div class=\"elementor-element elementor-element-d45dc6b e-flex e-con-boxed e-con e-parent\" data-id=\"d45dc6b\" data-element_type=\"container\" data-e-type=\"container\" data-settings=\"{&quot;jet_parallax_layout_list&quot;:[]}\">\n\t\t\t\t\t<div class=\"e-con-inner\">\n\t\t\t\t<div class=\"elementor-element elementor-element-cbf1fef elementor-widget elementor-widget-heading\" data-id=\"cbf1fef\" data-element_type=\"widget\" data-e-type=\"widget\" data-widget_type=\"heading.default\">\n\t\t\t\t<div class=\"elementor-widget-container\">\n\t\t\t\t\t<h2 class=\"elementor-heading-title elementor-size-default\">Cumplir el significado de establecer<\/h2>\t\t\t\t<\/div>\n\t\t\t\t<\/div>\n\t\t\t\t\t<\/div>\n\t\t\t\t<\/div>\n\t\t<div class=\"elementor-element elementor-element-47a4630 e-flex e-con-boxed e-con e-parent\" data-id=\"47a4630\" data-element_type=\"container\" data-e-type=\"container\" data-settings=\"{&quot;jet_parallax_layout_list&quot;:[]}\">\n\t\t\t\t\t<div class=\"e-con-inner\">\n\t\t\t\t<div class=\"elementor-element elementor-element-2646a54 elementor-widget elementor-widget-text-editor\" data-id=\"2646a54\" data-element_type=\"widget\" data-e-type=\"widget\" data-widget_type=\"text-editor.default\">\n\t\t\t\t<div class=\"elementor-widget-container\">\n\t\t\t\t\t\t\t\t\t<p><strong>La Iglesia aprueba <em>Los Primeros S\u00e1bados Comunitarios<\/em><\/strong><strong><em>\u00ae<\/em> La devoci\u00f3n del Apostolado Comunal de los Primeros S\u00e1bados cumple con lo necesario para establecer la devoci\u00f3n al Inmaculado Coraz\u00f3n de Mar\u00eda. <\/strong><\/p><p>.<em> Los Primeros S\u00e1bados Comunitarios<\/em><em>\u00ae<\/em> tiene un libro para que la gente siga en la parroquia y se asegure de practicar correctamente los Primeros S\u00e1bados. El libro se llama\u00a0<em>El Devocionario Comunal de los Primeros S\u00e1bados (Devocional).\u00a0 <\/em>Est\u00e1 disponible en ingl\u00e9s, espa\u00f1ol y portugu\u00e9s. Para m\u00e1s informaci\u00f3n sobre el <em>Los Primeros S\u00e1bados Comunitarios<\/em><em>\u00ae <\/em>y el Devocionario, haga clic en <u>aqu\u00ed<\/u>.<\/p>\t\t\t\t\t\t\t\t<\/div>\n\t\t\t\t<\/div>\n\t\t\t\t\t<\/div>\n\t\t\t\t<\/div>\n\t\t\t\t<\/div>","protected":false},"excerpt":{"rendered":"<p>God wants to establish devotion to the Immaculate Heart of Mary in the world God wishes to establish devotion to the Immaculate Heart of Mary in the world (Our Lady of Fatima, June 13th and July 13th, 1917). To do this, Our Lady gave us two special requests: The 1st special request was for a [&hellip;]<\/p>\n","protected":false},"author":2,"featured_media":0,"parent":0,"menu_order":0,"comment_status":"closed","ping_status":"closed","template":"","meta":{"_acf_changed":false,"om_disable_all_campaigns":false,"_monsterinsights_skip_tracking":false,"_monsterinsights_sitenote_active":false,"_monsterinsights_sitenote_note":"","_monsterinsights_sitenote_category":0,"_uf_show_specific_survey":0,"_uf_disable_surveys":false,"site-sidebar-layout":"no-sidebar","site-content-layout":"page-builder","ast-site-content-layout":"full-width-container","site-content-style":"unboxed","site-sidebar-style":"unboxed","ast-global-header-display":"","ast-banner-title-visibility":"","ast-main-header-display":"","ast-hfb-above-header-display":"","ast-hfb-below-header-display":"","ast-hfb-mobile-header-display":"","site-post-title":"disabled","ast-breadcrumbs-content":"","ast-featured-img":"disabled","footer-sml-layout":"","ast-disable-related-posts":"","theme-transparent-header-meta":"default","adv-header-id-meta":"","stick-header-meta":"","header-above-stick-meta":"","header-main-stick-meta":"","header-below-stick-meta":"","astra-migrate-meta-layouts":"set","ast-page-background-enabled":"default","ast-page-background-meta":{"desktop":{"background-color":"","background-image":"","background-repeat":"repeat","background-position":"center center","background-size":"auto","background-attachment":"scroll","background-type":"","background-media":"","overlay-type":"","overlay-color":"","overlay-opacity":"","overlay-gradient":""},"tablet":{"background-color":"","background-image":"","background-repeat":"repeat","background-position":"center center","background-size":"auto","background-attachment":"scroll","background-type":"","background-media":"","overlay-type":"","overlay-color":"","overlay-opacity":"","overlay-gradient":""},"mobile":{"background-color":"","background-image":"","background-repeat":"repeat","background-position":"center center","background-size":"auto","background-attachment":"scroll","background-type":"","background-media":"","overlay-type":"","overlay-color":"","overlay-opacity":"","overlay-gradient":""}},"ast-content-background-meta":{"desktop":{"background-color":"var(--ast-global-color-5)","background-image":"","background-repeat":"repeat","background-position":"center center","background-size":"auto","background-attachment":"scroll","background-type":"","background-media":"","overlay-type":"","overlay-color":"","overlay-opacity":"","overlay-gradient":""},"tablet":{"background-color":"var(--ast-global-color-5)","background-image":"","background-repeat":"repeat","background-position":"center center","background-size":"auto","background-attachment":"scroll","background-type":"","background-media":"","overlay-type":"","overlay-color":"","overlay-opacity":"","overlay-gradient":""},"mobile":{"background-color":"var(--ast-global-color-5)","background-image":"","background-repeat":"repeat","background-position":"center center","background-size":"auto","background-attachment":"scroll","background-type":"","background-media":"","overlay-type":"","overlay-color":"","overlay-opacity":"","overlay-gradient":""}},"footnotes":""},"class_list":["post-16368","page","type-page","status-publish","hentry"],"acf":[],"aioseo_notices":[],"yoast_head":"<!-- This site is optimized with the Yoast SEO plugin v27.4 - https:\/\/yoast.com\/product\/yoast-seo-wordpress\/ -->\n<title>An Eagle&#039;s Eye View - The Communal First Saturdays<\/title>\n<meta name=\"robots\" content=\"index, follow, max-snippet:-1, max-image-preview:large, max-video-preview:-1\" \/>\n<link rel=\"canonical\" href=\"https:\/\/communalfirstsaturdays.org\/es\/overview\/\" \/>\n<meta property=\"og:locale\" content=\"es_MX\" \/>\n<meta property=\"og:type\" content=\"article\" \/>\n<meta property=\"og:title\" content=\"An Eagle&#039;s Eye View - The Communal First Saturdays\" \/>\n<meta property=\"og:description\" content=\"God wants to establish devotion to the Immaculate Heart of Mary in the world God wishes to establish devotion to the Immaculate Heart of Mary in the world (Our Lady of Fatima, June 13th and July 13th, 1917). To do this, Our Lady gave us two special requests: The 1st special request was for a [&hellip;]\" \/>\n<meta property=\"og:url\" content=\"https:\/\/communalfirstsaturdays.org\/es\/overview\/\" \/>\n<meta property=\"og:site_name\" content=\"The Communal First Saturdays\" \/>\n<meta property=\"article:publisher\" content=\"https:\/\/www.facebook.com\/CommunalFirstSaturdays\/\" \/>\n<meta property=\"article:modified_time\" content=\"2024-07-16T22:06:18+00:00\" \/>\n<meta property=\"og:image\" content=\"https:\/\/communalfirstsaturdays.org\/wp-content\/uploads\/2023\/05\/full-sized-logo-color.jpg\" \/>\n\t<meta property=\"og:image:width\" content=\"1200\" \/>\n\t<meta property=\"og:image:height\" content=\"782\" \/>\n\t<meta property=\"og:image:type\" content=\"image\/jpeg\" \/>\n<meta name=\"twitter:card\" content=\"summary_large_image\" \/>\n<meta name=\"twitter:site\" content=\"@CFSApostolate\" \/>\n<meta name=\"twitter:label1\" content=\"Tiempo de lectura\" \/>\n\t<meta name=\"twitter:data1\" content=\"3 minutos\" \/>\n<script type=\"application\/ld+json\" class=\"yoast-schema-graph\">{\"@context\":\"https:\\\/\\\/schema.org\",\"@graph\":[{\"@type\":\"WebPage\",\"@id\":\"https:\\\/\\\/communalfirstsaturdays.org\\\/overview\\\/\",\"url\":\"https:\\\/\\\/communalfirstsaturdays.org\\\/overview\\\/\",\"name\":\"An Eagle's Eye View - The Communal First Saturdays\",\"isPartOf\":{\"@id\":\"https:\\\/\\\/communalfirstsaturdays.org\\\/#website\"},\"datePublished\":\"2024-07-16T18:16:50+00:00\",\"dateModified\":\"2024-07-16T22:06:18+00:00\",\"breadcrumb\":{\"@id\":\"https:\\\/\\\/communalfirstsaturdays.org\\\/overview\\\/#breadcrumb\"},\"inLanguage\":\"es\",\"potentialAction\":[{\"@type\":\"ReadAction\",\"target\":[\"https:\\\/\\\/communalfirstsaturdays.org\\\/overview\\\/\"]}]},{\"@type\":\"BreadcrumbList\",\"@id\":\"https:\\\/\\\/communalfirstsaturdays.org\\\/overview\\\/#breadcrumb\",\"itemListElement\":[{\"@type\":\"ListItem\",\"position\":1,\"name\":\"Home\",\"item\":\"https:\\\/\\\/communalfirstsaturdays.org\\\/\"},{\"@type\":\"ListItem\",\"position\":2,\"name\":\"An Eagle&#8217;s Eye View\"}]},{\"@type\":\"WebSite\",\"@id\":\"https:\\\/\\\/communalfirstsaturdays.org\\\/#website\",\"url\":\"https:\\\/\\\/communalfirstsaturdays.org\\\/\",\"name\":\"The Communal First Saturdays\",\"description\":\"Power in Prayer Together\",\"publisher\":{\"@id\":\"https:\\\/\\\/communalfirstsaturdays.org\\\/#organization\"},\"potentialAction\":[{\"@type\":\"SearchAction\",\"target\":{\"@type\":\"EntryPoint\",\"urlTemplate\":\"https:\\\/\\\/communalfirstsaturdays.org\\\/?s={search_term_string}\"},\"query-input\":{\"@type\":\"PropertyValueSpecification\",\"valueRequired\":true,\"valueName\":\"search_term_string\"}}],\"inLanguage\":\"es\"},{\"@type\":\"Organization\",\"@id\":\"https:\\\/\\\/communalfirstsaturdays.org\\\/#organization\",\"name\":\"Communal First Saturdays\",\"url\":\"https:\\\/\\\/communalfirstsaturdays.org\\\/\",\"logo\":{\"@type\":\"ImageObject\",\"inLanguage\":\"es\",\"@id\":\"https:\\\/\\\/communalfirstsaturdays.org\\\/#\\\/schema\\\/logo\\\/image\\\/\",\"url\":\"https:\\\/\\\/communalfirstsaturdays.org\\\/wp-content\\\/uploads\\\/2019\\\/08\\\/cfs-logo-seo.png\",\"contentUrl\":\"https:\\\/\\\/communalfirstsaturdays.org\\\/wp-content\\\/uploads\\\/2019\\\/08\\\/cfs-logo-seo.png\",\"width\":800,\"height\":462,\"caption\":\"Communal First Saturdays\"},\"image\":{\"@id\":\"https:\\\/\\\/communalfirstsaturdays.org\\\/#\\\/schema\\\/logo\\\/image\\\/\"},\"sameAs\":[\"https:\\\/\\\/www.facebook.com\\\/CommunalFirstSaturdays\\\/\",\"https:\\\/\\\/x.com\\\/CFSApostolate\"]}]}<\/script>\n<!-- \/ Yoast SEO plugin. -->","yoast_head_json":{"title":"An Eagle's Eye View - The Communal First Saturdays","robots":{"index":"index","follow":"follow","max-snippet":"max-snippet:-1","max-image-preview":"max-image-preview:large","max-video-preview":"max-video-preview:-1"},"canonical":"https:\/\/communalfirstsaturdays.org\/es\/overview\/","og_locale":"es_MX","og_type":"article","og_title":"An Eagle's Eye View - The Communal First Saturdays","og_description":"God wants to establish devotion to the Immaculate Heart of Mary in the world God wishes to establish devotion to the Immaculate Heart of Mary in the world (Our Lady of Fatima, June 13th and July 13th, 1917). To do this, Our Lady gave us two special requests: The 1st special request was for a [&hellip;]","og_url":"https:\/\/communalfirstsaturdays.org\/es\/overview\/","og_site_name":"The Communal First Saturdays","article_publisher":"https:\/\/www.facebook.com\/CommunalFirstSaturdays\/","article_modified_time":"2024-07-16T22:06:18+00:00","og_image":[{"width":1200,"height":782,"url":"https:\/\/communalfirstsaturdays.org\/wp-content\/uploads\/2023\/05\/full-sized-logo-color.jpg","type":"image\/jpeg"}],"twitter_card":"summary_large_image","twitter_site":"@CFSApostolate","twitter_misc":{"Tiempo de lectura":"3 minutos"},"schema":{"@context":"https:\/\/schema.org","@graph":[{"@type":"WebPage","@id":"https:\/\/communalfirstsaturdays.org\/overview\/","url":"https:\/\/communalfirstsaturdays.org\/overview\/","name":"An Eagle's Eye View - The Communal First Saturdays","isPartOf":{"@id":"https:\/\/communalfirstsaturdays.org\/#website"},"datePublished":"2024-07-16T18:16:50+00:00","dateModified":"2024-07-16T22:06:18+00:00","breadcrumb":{"@id":"https:\/\/communalfirstsaturdays.org\/overview\/#breadcrumb"},"inLanguage":"es","potentialAction":[{"@type":"ReadAction","target":["https:\/\/communalfirstsaturdays.org\/overview\/"]}]},{"@type":"BreadcrumbList","@id":"https:\/\/communalfirstsaturdays.org\/overview\/#breadcrumb","itemListElement":[{"@type":"ListItem","position":1,"name":"Home","item":"https:\/\/communalfirstsaturdays.org\/"},{"@type":"ListItem","position":2,"name":"An Eagle&#8217;s Eye View"}]},{"@type":"WebSite","@id":"https:\/\/communalfirstsaturdays.org\/#website","url":"https:\/\/communalfirstsaturdays.org\/","name":"The Communal First Saturdays","description":"El poder de rezar juntos","publisher":{"@id":"https:\/\/communalfirstsaturdays.org\/#organization"},"potentialAction":[{"@type":"SearchAction","target":{"@type":"EntryPoint","urlTemplate":"https:\/\/communalfirstsaturdays.org\/?s={search_term_string}"},"query-input":{"@type":"PropertyValueSpecification","valueRequired":true,"valueName":"search_term_string"}}],"inLanguage":"es"},{"@type":"Organization","@id":"https:\/\/communalfirstsaturdays.org\/#organization","name":"Los Primeros S\u00e1bados Comunitarios","url":"https:\/\/communalfirstsaturdays.org\/","logo":{"@type":"ImageObject","inLanguage":"es","@id":"https:\/\/communalfirstsaturdays.org\/#\/schema\/logo\/image\/","url":"https:\/\/communalfirstsaturdays.org\/wp-content\/uploads\/2019\/08\/cfs-logo-seo.png","contentUrl":"https:\/\/communalfirstsaturdays.org\/wp-content\/uploads\/2019\/08\/cfs-logo-seo.png","width":800,"height":462,"caption":"Communal First Saturdays"},"image":{"@id":"https:\/\/communalfirstsaturdays.org\/#\/schema\/logo\/image\/"},"sameAs":["https:\/\/www.facebook.com\/CommunalFirstSaturdays\/","https:\/\/x.com\/CFSApostolate"]}]}},"_links":{"self":[{"href":"https:\/\/communalfirstsaturdays.org\/es\/wp-json\/wp\/v2\/pages\/16368","targetHints":{"allow":["GET"]}}],"collection":[{"href":"https:\/\/communalfirstsaturdays.org\/es\/wp-json\/wp\/v2\/pages"}],"about":[{"href":"https:\/\/communalfirstsaturdays.org\/es\/wp-json\/wp\/v2\/types\/page"}],"author":[{"embeddable":true,"href":"https:\/\/communalfirstsaturdays.org\/es\/wp-json\/wp\/v2\/users\/2"}],"replies":[{"embeddable":true,"href":"https:\/\/communalfirstsaturdays.org\/es\/wp-json\/wp\/v2\/comments?post=16368"}],"version-history":[{"count":5,"href":"https:\/\/communalfirstsaturdays.org\/es\/wp-json\/wp\/v2\/pages\/16368\/revisions"}],"predecessor-version":[{"id":16495,"href":"https:\/\/communalfirstsaturdays.org\/es\/wp-json\/wp\/v2\/pages\/16368\/revisions\/16495"}],"wp:attachment":[{"href":"https:\/\/communalfirstsaturdays.org\/es\/wp-json\/wp\/v2\/media?parent=16368"}],"curies":[{"name":"wp","href":"https:\/\/api.w.org\/{rel}","templated":true}]}}