{"id":16423,"date":"2024-07-16T20:26:52","date_gmt":"2024-07-16T20:26:52","guid":{"rendered":"https:\/\/communalfirstsaturdays.org\/?page_id=16423"},"modified":"2024-07-16T21:51:01","modified_gmt":"2024-07-16T21:51:01","slug":"whoestablishes","status":"publish","type":"page","link":"https:\/\/communalfirstsaturdays.org\/es\/whoestablishes\/","title":{"rendered":"Qui\u00e9n establece los Primeros S\u00e1bados Comunales\u00ae en la Parroquia"},"content":{"rendered":"<div data-elementor-type=\"wp-page\" data-elementor-id=\"16423\" class=\"elementor elementor-16423\" data-elementor-post-type=\"page\">\n\t\t\t\t<div class=\"elementor-element elementor-element-684338f e-flex e-con-boxed e-con e-parent\" data-id=\"684338f\" data-element_type=\"container\" data-e-type=\"container\" data-settings=\"{&quot;jet_parallax_layout_list&quot;:[]}\">\n\t\t\t\t\t<div class=\"e-con-inner\">\n\t\t\t\t<div class=\"elementor-element elementor-element-00271d6 elementor-widget elementor-widget-text-editor\" data-id=\"00271d6\" data-element_type=\"widget\" data-e-type=\"widget\" data-widget_type=\"text-editor.default\">\n\t\t\t\t<div class=\"elementor-widget-container\">\n\t\t\t\t\t\t\t\t\t<p style=\"font-weight: 400;\"><strong>\u00bfQu\u00e9 se necesita para poner en marcha los Primeros S\u00e1bados Comunitarios\u00ae en la parroquia? <\/strong><\/p><p style=\"font-weight: 400;\">Se necesita un grupo comprometido de al menos 3 feligreses. Este grupo es necesario para ayudar a sostener y mantener la <a href=\"https:\/\/communalfirstsaturdays.org\/es\/cfs\/\"><em>Los Primeros S\u00e1bados Comunitarios <\/em><\/a>en la parroquia. Sin este grupo, ser\u00e1 dif\u00edcil que la devoci\u00f3n contin\u00fae. Si no continuara, ser\u00eda una gran decepci\u00f3n para el p\u00e1rroco y los dem\u00e1s feligreses. Se puede utilizar la analog\u00eda del cuidado de un ni\u00f1o. Un ni\u00f1o es precioso y necesario. Al mismo tiempo, un ni\u00f1o debe ser cuidado y alimentado. No se le puede olvidar. De lo contrario, no florecer\u00e1 y languidecer\u00e1. Del mismo modo, la devoci\u00f3n requiere supervisi\u00f3n y cuidados.<\/p><p style=\"font-weight: 400;\">Hay diferentes caminos que uno puede tomar para iniciar <em>Los Primeros S\u00e1bados Comunitarios<\/em><em>\u00ae<\/em> en la parroquia. Hay un buen camino, otro un poco mejor, y otro a\u00fan mejor.<\/p><p style=\"font-weight: 400;\"><strong>Buen camino:<\/strong><\/p><ol><li>Lea los 2 folletos siguientes:<ol><li><em><a href=\"https:\/\/drive.google.com\/file\/d\/1Xurz_9bVe_1s0a9JEwgMkuz5tuSSAr3w\/view?usp=sharing\" target=\"_blank\" rel=\"noopener\">Informaci\u00f3n b\u00e1sica sobre los Primeros S\u00e1bados Comunitarios<\/a><\/em><\/li><li><a href=\"https:\/\/drive.google.com\/file\/d\/1S95zqKVIloYKVF04H9TX1LLufl3stYp5\/view?usp=sharing\"><em>Inicio de Los Primeros S\u00e1bados Comunitarios<\/em><em>\u00ae<\/em><\/a><\/li><\/ol><\/li><li>Ordene en l\u00ednea el <em><a href=\"https:\/\/communalfirstsaturdays.org\/es\/shop\/cfsa-starter-kit\/\">Kit de inicio del APSC<\/a><\/em><\/li><\/ol><p style=\"font-weight: 400;\"><strong>Mejor camino:<\/strong><\/p><ol><li>Leer el libro\u00a0<em><a href=\"https:\/\/communalfirstsaturdays.org\/es\/shop\/fatima-and-the-first-saturdays-book\/\" target=\"_blank\" rel=\"noopener\">F\u00e1tima y los Primeros S\u00e1bados.<\/a>.\u00a0<\/em>Este libro explica lo que son los Primeros S\u00e1bados en el contexto de todo el mensaje de F\u00e1tima. Para tener una mejor comprensi\u00f3n del mismo, considere tomar el grupo de estudio de <em>F\u00e1tima y los Primeros S\u00e1bados.<\/em>\u00a0<a href=\"https:\/\/studygroups.communalfirstsaturdays.org\/courses\/studygroups\" target=\"_blank\" rel=\"noopener\">haciendo clic aqu\u00ed.<\/a>.<\/li><li>Lea los 2 folletos siguientes:<ol><li><em><a href=\"https:\/\/drive.google.com\/file\/d\/1Xurz_9bVe_1s0a9JEwgMkuz5tuSSAr3w\/view?usp=sharing\">Informaci\u00f3n b\u00e1sica sobre los Primeros S\u00e1bados Comunitarios<\/a><\/em><\/li><li><em><a href=\"https:\/\/drive.google.com\/file\/d\/1S95zqKVIloYKVF04H9TX1LLufl3stYp5\/view?usp=sharing\">Inicio de los Primeros S\u00e1bados Comunitarios<\/a><\/em><\/li><\/ol><\/li><li>Ordene en l\u00ednea el\u00a0<a href=\"https:\/\/communalfirstsaturdays.org\/es\/shop\/cfsa-starter-kit\/\" target=\"_blank\" rel=\"noopener\"><i>Kit de inicio del APSC<\/i><\/a>.<\/li><\/ol><p style=\"font-weight: 400;\"><strong>La mejor manera:<\/strong><\/p><ol><li>Leer el libro\u00a0<a href=\"https:\/\/communalfirstsaturdays.org\/es\/shop\/fatima-and-the-first-saturdays-book\/\" target=\"_blank\" rel=\"noopener\"><i>F\u00e1tima y los Primeros S\u00e1bados.<\/i><\/a>. Este libro explica los Primeros S\u00e1bados en el contexto de todo el Mensaje de F\u00e1tima. A\u00fan mejor, toma el <em>F\u00e1tima y los Primeros S\u00e1bados.\u00a0<\/em><a href=\"https:\/\/studygroups.communalfirstsaturdays.org\/courses\/studygroups\" target=\"_blank\" rel=\"noopener\">haciendo clic aqu\u00ed.<\/a>.<\/li><li>Despu\u00e9s, tome el curso <a href=\"https:\/\/communalfirstsaturdays.org\/es\/sfs-info\/\"><em>Difundiendo los Primeros S\u00e1bados Comunitarios<\/em> Curso<\/a>.<\/li><\/ol><p style=\"font-weight: 400;\">Nuestro Se\u00f1or y Nuestra Sant\u00edsima Madre desean ardientemente esta devoci\u00f3n. <em>Los Primeros S\u00e1bados Comunitarios<\/em>\u00ae con su orden espec\u00edfico y su aprobaci\u00f3n, ha sido pensado para ser la mejor manera de hacer la devoci\u00f3n. Con la aprobaci\u00f3n del p\u00e1rroco, tenemos que ayudar a Jes\u00fas y Mar\u00eda a establecer <em>Los Primeros S\u00e1bados Comunitarios<\/em>\u00ae y difundirlo en la parroquia.<\/p><p style=\"font-weight: 400;\">\u00a0<\/p>\t\t\t\t\t\t\t\t<\/div>\n\t\t\t\t<\/div>\n\t\t\t\t\t<\/div>\n\t\t\t\t<\/div>\n\t\t\t\t<\/div>","protected":false},"excerpt":{"rendered":"<p>What is needed to start the Communal First Saturdays\u00ae in the parish? A committed group of at least 3 parishioners is needed. This group is needed to help sustain and maintain the Communal First Saturdays\u00ae in the parish. Without this group, it will be difficult for the devotion to continue. If it did not continue, [&hellip;]<\/p>\n","protected":false},"author":2,"featured_media":0,"parent":0,"menu_order":0,"comment_status":"closed","ping_status":"closed","template":"","meta":{"_acf_changed":false,"om_disable_all_campaigns":false,"_monsterinsights_skip_tracking":false,"_monsterinsights_sitenote_active":false,"_monsterinsights_sitenote_note":"","_monsterinsights_sitenote_category":0,"_uf_show_specific_survey":0,"_uf_disable_surveys":false,"site-sidebar-layout":"no-sidebar","site-content-layout":"page-builder","ast-site-content-layout":"full-width-container","site-content-style":"default","site-sidebar-style":"default","ast-global-header-display":"","ast-banner-title-visibility":"","ast-main-header-display":"","ast-hfb-above-header-display":"","ast-hfb-below-header-display":"","ast-hfb-mobile-header-display":"","site-post-title":"disabled","ast-breadcrumbs-content":"","ast-featured-img":"disabled","footer-sml-layout":"","ast-disable-related-posts":"","theme-transparent-header-meta":"default","adv-header-id-meta":"","stick-header-meta":"","header-above-stick-meta":"","header-main-stick-meta":"","header-below-stick-meta":"","astra-migrate-meta-layouts":"set","ast-page-background-enabled":"default","ast-page-background-meta":{"desktop":{"background-color":"","background-image":"","background-repeat":"repeat","background-position":"center center","background-size":"auto","background-attachment":"scroll","background-type":"","background-media":"","overlay-type":"","overlay-color":"","overlay-opacity":"","overlay-gradient":""},"tablet":{"background-color":"","background-image":"","background-repeat":"repeat","background-position":"center center","background-size":"auto","background-attachment":"scroll","background-type":"","background-media":"","overlay-type":"","overlay-color":"","overlay-opacity":"","overlay-gradient":""},"mobile":{"background-color":"","background-image":"","background-repeat":"repeat","background-position":"center center","background-size":"auto","background-attachment":"scroll","background-type":"","background-media":"","overlay-type":"","overlay-color":"","overlay-opacity":"","overlay-gradient":""}},"ast-content-background-meta":{"desktop":{"background-color":"var(--ast-global-color-5)","background-image":"","background-repeat":"repeat","background-position":"center center","background-size":"auto","background-attachment":"scroll","background-type":"","background-media":"","overlay-type":"","overlay-color":"","overlay-opacity":"","overlay-gradient":""},"tablet":{"background-color":"var(--ast-global-color-5)","background-image":"","background-repeat":"repeat","background-position":"center center","background-size":"auto","background-attachment":"scroll","background-type":"","background-media":"","overlay-type":"","overlay-color":"","overlay-opacity":"","overlay-gradient":""},"mobile":{"background-color":"var(--ast-global-color-5)","background-image":"","background-repeat":"repeat","background-position":"center center","background-size":"auto","background-attachment":"scroll","background-type":"","background-media":"","overlay-type":"","overlay-color":"","overlay-opacity":"","overlay-gradient":""}},"footnotes":""},"class_list":["post-16423","page","type-page","status-publish","hentry"],"acf":[],"aioseo_notices":[],"yoast_head":"<!-- This site is optimized with the Yoast SEO plugin v27.4 - https:\/\/yoast.com\/product\/yoast-seo-wordpress\/ -->\n<title>Who Establishes the Communal First Saturdays\u00ae in the Parish - The Communal First Saturdays<\/title>\n<meta name=\"robots\" content=\"index, follow, max-snippet:-1, max-image-preview:large, max-video-preview:-1\" \/>\n<link rel=\"canonical\" href=\"https:\/\/communalfirstsaturdays.org\/es\/whoestablishes\/\" \/>\n<meta property=\"og:locale\" content=\"es_MX\" \/>\n<meta property=\"og:type\" content=\"article\" \/>\n<meta property=\"og:title\" content=\"Who Establishes the Communal First Saturdays\u00ae in the Parish - The Communal First Saturdays\" \/>\n<meta property=\"og:description\" content=\"What is needed to start the Communal First Saturdays\u00ae in the parish? A committed group of at least 3 parishioners is needed. This group is needed to help sustain and maintain the Communal First Saturdays\u00ae in the parish. Without this group, it will be difficult for the devotion to continue. If it did not continue, [&hellip;]\" \/>\n<meta property=\"og:url\" content=\"https:\/\/communalfirstsaturdays.org\/es\/whoestablishes\/\" \/>\n<meta property=\"og:site_name\" content=\"The Communal First Saturdays\" \/>\n<meta property=\"article:publisher\" content=\"https:\/\/www.facebook.com\/CommunalFirstSaturdays\/\" \/>\n<meta property=\"article:modified_time\" content=\"2024-07-16T21:51:01+00:00\" \/>\n<meta property=\"og:image\" content=\"https:\/\/communalfirstsaturdays.org\/wp-content\/uploads\/2023\/05\/full-sized-logo-color.jpg\" \/>\n\t<meta property=\"og:image:width\" content=\"1200\" \/>\n\t<meta property=\"og:image:height\" content=\"782\" \/>\n\t<meta property=\"og:image:type\" content=\"image\/jpeg\" \/>\n<meta name=\"twitter:card\" content=\"summary_large_image\" \/>\n<meta name=\"twitter:site\" content=\"@CFSApostolate\" \/>\n<meta name=\"twitter:label1\" content=\"Tiempo de lectura\" \/>\n\t<meta name=\"twitter:data1\" content=\"2 minutos\" \/>\n<script type=\"application\/ld+json\" class=\"yoast-schema-graph\">{\"@context\":\"https:\\\/\\\/schema.org\",\"@graph\":[{\"@type\":\"WebPage\",\"@id\":\"https:\\\/\\\/communalfirstsaturdays.org\\\/whoestablishes\\\/\",\"url\":\"https:\\\/\\\/communalfirstsaturdays.org\\\/whoestablishes\\\/\",\"name\":\"Who Establishes the Communal First Saturdays\u00ae in the Parish - The Communal First Saturdays\",\"isPartOf\":{\"@id\":\"https:\\\/\\\/communalfirstsaturdays.org\\\/#website\"},\"datePublished\":\"2024-07-16T20:26:52+00:00\",\"dateModified\":\"2024-07-16T21:51:01+00:00\",\"breadcrumb\":{\"@id\":\"https:\\\/\\\/communalfirstsaturdays.org\\\/whoestablishes\\\/#breadcrumb\"},\"inLanguage\":\"es\",\"potentialAction\":[{\"@type\":\"ReadAction\",\"target\":[\"https:\\\/\\\/communalfirstsaturdays.org\\\/whoestablishes\\\/\"]}]},{\"@type\":\"BreadcrumbList\",\"@id\":\"https:\\\/\\\/communalfirstsaturdays.org\\\/whoestablishes\\\/#breadcrumb\",\"itemListElement\":[{\"@type\":\"ListItem\",\"position\":1,\"name\":\"Home\",\"item\":\"https:\\\/\\\/communalfirstsaturdays.org\\\/\"},{\"@type\":\"ListItem\",\"position\":2,\"name\":\"Who Establishes the Communal First Saturdays\u00ae in the Parish\"}]},{\"@type\":\"WebSite\",\"@id\":\"https:\\\/\\\/communalfirstsaturdays.org\\\/#website\",\"url\":\"https:\\\/\\\/communalfirstsaturdays.org\\\/\",\"name\":\"The Communal First Saturdays\",\"description\":\"Power in Prayer Together\",\"publisher\":{\"@id\":\"https:\\\/\\\/communalfirstsaturdays.org\\\/#organization\"},\"potentialAction\":[{\"@type\":\"SearchAction\",\"target\":{\"@type\":\"EntryPoint\",\"urlTemplate\":\"https:\\\/\\\/communalfirstsaturdays.org\\\/?s={search_term_string}\"},\"query-input\":{\"@type\":\"PropertyValueSpecification\",\"valueRequired\":true,\"valueName\":\"search_term_string\"}}],\"inLanguage\":\"es\"},{\"@type\":\"Organization\",\"@id\":\"https:\\\/\\\/communalfirstsaturdays.org\\\/#organization\",\"name\":\"Communal First Saturdays\",\"url\":\"https:\\\/\\\/communalfirstsaturdays.org\\\/\",\"logo\":{\"@type\":\"ImageObject\",\"inLanguage\":\"es\",\"@id\":\"https:\\\/\\\/communalfirstsaturdays.org\\\/#\\\/schema\\\/logo\\\/image\\\/\",\"url\":\"https:\\\/\\\/communalfirstsaturdays.org\\\/wp-content\\\/uploads\\\/2019\\\/08\\\/cfs-logo-seo.png\",\"contentUrl\":\"https:\\\/\\\/communalfirstsaturdays.org\\\/wp-content\\\/uploads\\\/2019\\\/08\\\/cfs-logo-seo.png\",\"width\":800,\"height\":462,\"caption\":\"Communal First Saturdays\"},\"image\":{\"@id\":\"https:\\\/\\\/communalfirstsaturdays.org\\\/#\\\/schema\\\/logo\\\/image\\\/\"},\"sameAs\":[\"https:\\\/\\\/www.facebook.com\\\/CommunalFirstSaturdays\\\/\",\"https:\\\/\\\/x.com\\\/CFSApostolate\"]}]}<\/script>\n<!-- \/ Yoast SEO plugin. -->","yoast_head_json":{"title":"Who Establishes the Communal First Saturdays\u00ae in the Parish - The Communal First Saturdays","robots":{"index":"index","follow":"follow","max-snippet":"max-snippet:-1","max-image-preview":"max-image-preview:large","max-video-preview":"max-video-preview:-1"},"canonical":"https:\/\/communalfirstsaturdays.org\/es\/whoestablishes\/","og_locale":"es_MX","og_type":"article","og_title":"Who Establishes the Communal First Saturdays\u00ae in the Parish - The Communal First Saturdays","og_description":"What is needed to start the Communal First Saturdays\u00ae in the parish? A committed group of at least 3 parishioners is needed. This group is needed to help sustain and maintain the Communal First Saturdays\u00ae in the parish. Without this group, it will be difficult for the devotion to continue. If it did not continue, [&hellip;]","og_url":"https:\/\/communalfirstsaturdays.org\/es\/whoestablishes\/","og_site_name":"The Communal First Saturdays","article_publisher":"https:\/\/www.facebook.com\/CommunalFirstSaturdays\/","article_modified_time":"2024-07-16T21:51:01+00:00","og_image":[{"width":1200,"height":782,"url":"https:\/\/communalfirstsaturdays.org\/wp-content\/uploads\/2023\/05\/full-sized-logo-color.jpg","type":"image\/jpeg"}],"twitter_card":"summary_large_image","twitter_site":"@CFSApostolate","twitter_misc":{"Tiempo de lectura":"2 minutos"},"schema":{"@context":"https:\/\/schema.org","@graph":[{"@type":"WebPage","@id":"https:\/\/communalfirstsaturdays.org\/whoestablishes\/","url":"https:\/\/communalfirstsaturdays.org\/whoestablishes\/","name":"Who Establishes the Communal First Saturdays\u00ae in the Parish - The Communal First Saturdays","isPartOf":{"@id":"https:\/\/communalfirstsaturdays.org\/#website"},"datePublished":"2024-07-16T20:26:52+00:00","dateModified":"2024-07-16T21:51:01+00:00","breadcrumb":{"@id":"https:\/\/communalfirstsaturdays.org\/whoestablishes\/#breadcrumb"},"inLanguage":"es","potentialAction":[{"@type":"ReadAction","target":["https:\/\/communalfirstsaturdays.org\/whoestablishes\/"]}]},{"@type":"BreadcrumbList","@id":"https:\/\/communalfirstsaturdays.org\/whoestablishes\/#breadcrumb","itemListElement":[{"@type":"ListItem","position":1,"name":"Home","item":"https:\/\/communalfirstsaturdays.org\/"},{"@type":"ListItem","position":2,"name":"Who Establishes the Communal First Saturdays\u00ae in the Parish"}]},{"@type":"WebSite","@id":"https:\/\/communalfirstsaturdays.org\/#website","url":"https:\/\/communalfirstsaturdays.org\/","name":"The Communal First Saturdays","description":"El poder de rezar juntos","publisher":{"@id":"https:\/\/communalfirstsaturdays.org\/#organization"},"potentialAction":[{"@type":"SearchAction","target":{"@type":"EntryPoint","urlTemplate":"https:\/\/communalfirstsaturdays.org\/?s={search_term_string}"},"query-input":{"@type":"PropertyValueSpecification","valueRequired":true,"valueName":"search_term_string"}}],"inLanguage":"es"},{"@type":"Organization","@id":"https:\/\/communalfirstsaturdays.org\/#organization","name":"Los Primeros S\u00e1bados Comunitarios","url":"https:\/\/communalfirstsaturdays.org\/","logo":{"@type":"ImageObject","inLanguage":"es","@id":"https:\/\/communalfirstsaturdays.org\/#\/schema\/logo\/image\/","url":"https:\/\/communalfirstsaturdays.org\/wp-content\/uploads\/2019\/08\/cfs-logo-seo.png","contentUrl":"https:\/\/communalfirstsaturdays.org\/wp-content\/uploads\/2019\/08\/cfs-logo-seo.png","width":800,"height":462,"caption":"Communal First Saturdays"},"image":{"@id":"https:\/\/communalfirstsaturdays.org\/#\/schema\/logo\/image\/"},"sameAs":["https:\/\/www.facebook.com\/CommunalFirstSaturdays\/","https:\/\/x.com\/CFSApostolate"]}]}},"_links":{"self":[{"href":"https:\/\/communalfirstsaturdays.org\/es\/wp-json\/wp\/v2\/pages\/16423","targetHints":{"allow":["GET"]}}],"collection":[{"href":"https:\/\/communalfirstsaturdays.org\/es\/wp-json\/wp\/v2\/pages"}],"about":[{"href":"https:\/\/communalfirstsaturdays.org\/es\/wp-json\/wp\/v2\/types\/page"}],"author":[{"embeddable":true,"href":"https:\/\/communalfirstsaturdays.org\/es\/wp-json\/wp\/v2\/users\/2"}],"replies":[{"embeddable":true,"href":"https:\/\/communalfirstsaturdays.org\/es\/wp-json\/wp\/v2\/comments?post=16423"}],"version-history":[{"count":25,"href":"https:\/\/communalfirstsaturdays.org\/es\/wp-json\/wp\/v2\/pages\/16423\/revisions"}],"predecessor-version":[{"id":16472,"href":"https:\/\/communalfirstsaturdays.org\/es\/wp-json\/wp\/v2\/pages\/16423\/revisions\/16472"}],"wp:attachment":[{"href":"https:\/\/communalfirstsaturdays.org\/es\/wp-json\/wp\/v2\/media?parent=16423"}],"curies":[{"name":"wp","href":"https:\/\/api.w.org\/{rel}","templated":true}]}}