{"id":20,"date":"2014-08-30T17:06:30","date_gmt":"2014-08-30T17:06:30","guid":{"rendered":"https:\/\/45d855c02b.nxcli.net\/?page_id=20"},"modified":"2024-02-07T22:59:31","modified_gmt":"2024-02-07T22:59:31","slug":"faq","status":"publish","type":"page","link":"https:\/\/communalfirstsaturdays.org\/es\/faq\/","title":{"rendered":"Preguntas Frecuentes"},"content":{"rendered":"<div class=\"wpb-content-wrapper\">\t\t<div data-elementor-type=\"wp-page\" data-elementor-id=\"20\" class=\"elementor elementor-20\" data-elementor-post-type=\"page\">\n\t\t\t\t<div class=\"elementor-element elementor-element-7aaf78e4 e-flex e-con-boxed e-con e-parent\" data-id=\"7aaf78e4\" data-element_type=\"container\" data-e-type=\"container\" data-settings=\"{&quot;jet_parallax_layout_list&quot;:[]}\">\n\t\t\t\t\t<div class=\"e-con-inner\">\n\t\t\t\t<div class=\"elementor-element elementor-element-6da1d6d4 elementor-widget elementor-widget-text-editor\" data-id=\"6da1d6d4\" data-element_type=\"widget\" data-e-type=\"widget\" data-widget_type=\"text-editor.default\">\n\t\t\t\t<div class=\"elementor-widget-container\">\n\t\t\t\t\t\t\t\t\t<div class=\"vc_row wpb_row vc_row-fluid\"><div class=\"wpb_column vc_column_container vc_col-sm-12\"><div class=\"vc_column-inner\"><div class=\"wpb_wrapper\">\n\t<div class=\"wpb_text_column wpb_content_element\" >\n\t\t<div class=\"wpb_wrapper\">\n\t\t\t<h2>Primeros S\u00e1bados<\/h2>\n\n\t\t<\/div>\n\t<\/div>\n<div  class=\"vc_do_toggle vc_toggle vc_toggle_default vc_toggle_color_default  vc_toggle_size_md\"><div class=\"vc_toggle_title\"><h4>\u00bfQu\u00e9 dijo la Virgen del Rosario en F\u00e1tima que quer\u00eda Dios?<\/h4><i class=\"vc_toggle_icon\"><\/i><\/div><div class=\"vc_toggle_content\"><p>El 13 de julio de 1917, la Virgen dijo a los ni\u00f1os:<\/p>\n<blockquote>\n<p>Ustedes han visto el infierno a donde van las almas de los pobres pecadores; para salvarlas, Dios quiere establecer en el mundo la devoci\u00f3n a mi Inmaculado Coraz\u00f3n. Si hicieran lo que os voy a decir, <strong>se salvar\u00e1n muchas almas<\/strong>y habr\u00e1 <strong>paz<\/strong>.... vendr\u00e9 a pedir la consagraci\u00f3n de Rusia a mi <strong>Inmaculado Coraz\u00f3n<\/strong>y la <strong>Comuni\u00f3n reparadora de los Primeros S\u00e1bados<\/strong>. Si se atienden mis <strong>deseos <\/strong>, Rusia se convertir\u00e1 y habr\u00e1 paz (el \u00e9nfasis es nuestro).<\/p>\n<\/blockquote>\n<p>(Para m\u00e1s informaci\u00f3n, consulte&nbsp;<a title=\"Historia de F\u00e1tima\" href=\"https:\/\/communalfirstsaturdays.org\/es\/resources\/story-of-fatima\/\">Las apariciones de la Virgen en F\u00e1tima&nbsp;<\/a>y especialmente el libro, <em><a href=\"https:\/\/communalfirstsaturdays.org\/es\/shop\/fatima-and-the-first-saturdays-book\/\">F\u00e1tima y los Primeros S\u00e1bados.<\/a><a href=\"https:\/\/communalfirstsaturdays.org\/es\/store\/#FatimaandtheFirstSaturdays\">.<\/a><\/em>)<\/p>\n<\/div><\/div><div  class=\"vc_do_toggle vc_toggle vc_toggle_default vc_toggle_color_default  vc_toggle_size_md\"><div class=\"vc_toggle_title\"><h4>\u00bfQu\u00e9 se ha logrado?<\/h4><i class=\"vc_toggle_icon\"><\/i><\/div><div class=\"vc_toggle_content\"><p>De acuerdo con San Juan Pablo II, \u00e9l y los obispos del mundo cumplieron la petici\u00f3n de consagraci\u00f3n de Rusia y del mundo en 1984. Seg\u00fan la declaraci\u00f3n oficial del Vaticano, \"Sor Luc\u00eda confirm\u00f3 personalmente que este acto solemne y universal de consagraci\u00f3n correspond\u00eda a lo que Nuestra Se\u00f1ora deseaba (<em>\"Sim, est\u00e0 feita, tal como Nossa Senhora a pediu, desde o dia 25 de Mar\u00e7o de 1984\"<\/em>: \"S\u00ed se ha hecho tal y como pidi\u00f3 la Virgen, el 25 de marzo de 1984\": Carta del 8 de noviembre de 1989). Por tanto, toda discusi\u00f3n, as\u00ed como cualquier otra petici\u00f3n ulterior, carecen de fundamento\u201d<em>. Mensaje de F\u00e1tima<\/em>, Vatican.va).<\/p>\n<p>- Despu\u00e9s de esto, se abri\u00f3 el camino para el fin de la persecuci\u00f3n en Rusia, como Jes\u00fas prometi\u00f3 a Sor Luc\u00eda (mayo, 1930), y tambi\u00e9n para el retorno de la libertad religiosa en Rusia. Muchos otros pa\u00edses de Europa del Este han compartido tambi\u00e9n estas bendiciones.<\/p>\n<p>-Este fue la primera<sup>-<\/sup> de dos fases hacia la conversi\u00f3n de Rusia, que a\u00fan est\u00e1 por llegar.<\/p>\n<p><strong>Muy pocos <\/strong>han cumplido el deseo de la Virgen de la Comuni\u00f3n de reparaci\u00f3n en <em>Primeros S\u00e1bados<\/em>.<\/p>\n<p>-El cumplimiento de este deseo es lo que traer\u00e1 la conversi\u00f3n y la paz.<\/p>\n<\/div><\/div><div  class=\"vc_do_toggle vc_toggle vc_toggle_default vc_toggle_color_default  vc_toggle_size_md\"><div class=\"vc_toggle_title\"><h4>\u00bfQu\u00e9 es la comuni\u00f3n de reparaci\u00f3n de los Primeros S\u00e1bados? (tambi\u00e9n conocida como los Primeros S\u00e1bados o la devoci\u00f3n de los Primeros S\u00e1bados)<\/h4><i class=\"vc_toggle_icon\"><\/i><\/div><div class=\"vc_toggle_content\"><p>El 10 de diciembre de 1925, el Ni\u00f1o Jes\u00fas y Mar\u00eda vinieron a Sor Luc\u00eda para explicarle c\u00f3mo se puede cumplir con la petici\u00f3n de la comuni\u00f3n de reparaci\u00f3n en el <em>Primeros S\u00e1bados<\/em>. Jes\u00fas habl\u00f3 primero diciendo:<\/p>\n<p style=\"padding-left: 30px;\"><strong>\u201cTen compasi\u00f3n del Coraz\u00f3n de tu Sant\u00edsima Madre que est\u00e1 cubierto de espinas, que los hombres ingratos continuamente le clavan, sin que haya alguien que haga un acto de reparaci\u00f3n para arranc\u00e1rselas\u201d.<\/strong> Nuestra Madre entonces dijo: <strong>\u201cHija m\u00eda, mira mi Coraz\u00f3n, que est\u00e1 rodeado con las espinas que los hombres ingratos me clavan continuamente con blasfemias e ingratitudes. T\u00fa, al menos, procura consolarme; y di<\/strong> <strong>prometo ayudar a la hora de la muerte con todas las gracias necesarias para la salvaci\u00f3n, a todos aquellos que en el primer s\u00e1bado de cinco meses consecutivos, vayan a Confesi\u00f3n y reciban la Sagrada Comuni\u00f3n, reciten cinco misterios del Rosario y me acompa\u00f1en por un cuarto de hora mientras meditan en los misterios del Rosario con la intenci\u00f3n de hacer reparaci\u00f3n a m\u00ed\".<\/strong><strong>\" <\/strong>(El \u00e9nfasis es nuestro).<\/p>\n<\/div><\/div><div  class=\"vc_do_toggle vc_toggle vc_toggle_default vc_toggle_color_default  vc_toggle_size_md\"><div class=\"vc_toggle_title\"><h4>\u00bfCu\u00e1les son las dos promesas hechas por Nuestra Se\u00f1ora con respecto a los Primeros S\u00e1bados?<\/h4><i class=\"vc_toggle_icon\"><\/i><\/div><div class=\"vc_toggle_content\"><p>. <strong>primera promesa<\/strong> con respecto a los <em>Primeros S\u00e1bados<\/em> se hizo el 13 de julio de 1917. Nuestra Se\u00f1ora prometi\u00f3 la salvaci\u00f3n de las almas y un per\u00edodo de paz, as\u00ed como la conversi\u00f3n de Rusia si se cumpl\u00edan sus dos deseos. Queda por cumplir un deseo, el de los <em>Primeros S\u00e1bados<\/em>. La primera promesa requiere que perseveremos en cumplir con los <em>Primeros S\u00e1bados<\/em> y no nos limitemos a hacer la devoci\u00f3n solo 5 veces consecutivas <em>Primeros S\u00e1bados<\/em>. Esta primera promesa tambi\u00e9n requiere que un gran n\u00famero de personas cumplan los <em>Primeros S\u00e1bados<\/em>. De esta manera, podemos ayudar a reparar el da\u00f1o hecho por los pecados del mundo y particularmente contra el Inmaculado Coraz\u00f3n de Mar\u00eda. De esta manera tambi\u00e9n, ayudamos a eliminar lo que proh\u00edbe una efusi\u00f3n de gracias a trav\u00e9s del Inmaculado Coraz\u00f3n de Mar\u00eda. En esta pr\u00e1ctica continua de los <em>Primeros S\u00e1bados<\/em>nos beneficiamos en gran medida a nuestro pr\u00f3jimo y a nosotros mismos.<\/p>\n<p>El 10 de diciembre de 1925, Nuestra Se\u00f1ora hizo una <strong>2<sup>da<\/sup> promesa<\/strong> de salvaci\u00f3n para cada uno de los que hacen los cinco <em>Primeros S\u00e1bados<\/em> (V\u00e9ase la negrita en la pregunta anterior). Esta 2<sup>da<\/sup> promesa presupone que ya somos conscientes de la primera promesa. Con el tiempo debemos llegar a comprender que el amor a los Corazones de Jes\u00fas y Mar\u00eda es nuestra mayor motivaci\u00f3n para practicar esta devoci\u00f3n.<\/p>\n<\/div><\/div><div  class=\"vc_do_toggle vc_toggle vc_toggle_default vc_toggle_color_default  vc_toggle_size_md\"><div class=\"vc_toggle_title\"><h4>\u00bfPor qu\u00e9 son 5 Primeros S\u00e1bados?<\/h4><i class=\"vc_toggle_icon\"><\/i><\/div><div class=\"vc_toggle_content\"><p>Hay 5 <em>Primeros S\u00e1bados<\/em> porque, como dijo Jes\u00fas a Sor Luc\u00eda (mayo, 1930), hay 5 clases de ofensas y blasfemias contra el Coraz\u00f3n Inmaculado de Mar\u00eda:<\/p>\n<ol>\n<li>Contra la Inmaculada Concepci\u00f3n de Mar\u00eda.<\/li>\n<li>Contra la Virginidad de Mar\u00eda.<\/li>\n<li>Contra la Maternidad Divina de Mar\u00eda y su Maternidad de toda la humanidad.<\/li>\n<li>Poner a los ni\u00f1os en contra de Mar\u00eda como su Madre celestial.<\/li>\n<li>Contra las Im\u00e1genes Sagradas de Mar\u00eda.<\/li>\n<\/ol>\n<\/div><\/div><div  class=\"vc_do_toggle vc_toggle vc_toggle_default vc_toggle_color_default  vc_toggle_size_md\"><div class=\"vc_toggle_title\"><h4>\u00bfPor qu\u00e9 es importante tratar de hacer reparaci\u00f3n al Inmaculado Coraz\u00f3n de Mar\u00eda?<\/h4><i class=\"vc_toggle_icon\"><\/i><\/div><div class=\"vc_toggle_content\"><p>La reparaci\u00f3n a los Corazones de Jes\u00fas y Mar\u00eda es un acto de amor y de justicia, que repara el da\u00f1o causado por el pecado. Como ya se ha dicho, el Ni\u00f1o Jes\u00fas dijo: \"ten compasi\u00f3n del Coraz\u00f3n de tu Sant\u00edsima Madre cubierto de espinas con las que los hombres ingratos lo traspasan a cada momento, y no hay quien se las quite con un acto de reparaci\u00f3n\". Podemos retirar estas espinas con actos de reparaci\u00f3n al Inmaculado Coraz\u00f3n de Mar\u00eda, no s\u00f3lo por nuestros pecados, sino tambi\u00e9n por los de los dem\u00e1s, para poder recibir la gracia y la misericordia derramadas por el Esp\u00edritu Santo. Para una explicaci\u00f3n m\u00e1s detallada, v\u00e9ase <em><a href=\"https:\/\/communalfirstsaturdays.org\/es\/shop\/the-communal-first-saturdays\/\">The Communal First Saturdays<\/a><\/em> (disponible en espa\u00f1ol).<\/p>\n<\/div><\/div><div  class=\"vc_do_toggle vc_toggle vc_toggle_default vc_toggle_color_default  vc_toggle_size_md\"><div class=\"vc_toggle_title\"><h4>\u00bfQu\u00e9 pasa si empiezo la devoci\u00f3n de los Primeros S\u00e1bados un mes y no puedo completarla al mes siguiente?<\/h4><i class=\"vc_toggle_icon\"><\/i><\/div><div class=\"vc_toggle_content\"><p>Tendr\u00eda que volver a empezar el mes siguiente para poder hacer cinco <em>Primeros S\u00e1bados<\/em>. Sin embargo, aunque esos meses en los que se hizo la reparaci\u00f3n pero no llegaron a ser cinco meses consecutivos de los <em>Primeros S\u00e1bados<\/em>siguen teniendo un gran valor. El amor por Jes\u00fas y Mar\u00eda nunca es en vano. La disciplina de hacer cinco veces consecutivas los <em>Primeros S\u00e1bados<\/em> proporciona una base para el h\u00e1bito de asistir a misa de forma regular, adem\u00e1s de nuestra obligaci\u00f3n dominical. Por supuesto, nuestra pr\u00e1ctica de los <em>Primeros S\u00e1bados<\/em> no es aceptable si no cumplimos con nuestra obligaci\u00f3n dominical. Los <em>Primeros S\u00e1bados<\/em> tambi\u00e9n nos ayudan a formar el h\u00e1bito de confesarnos regularmente.<\/p>\n<\/div><\/div><div  class=\"vc_do_toggle vc_toggle vc_toggle_default vc_toggle_color_default  vc_toggle_size_md\"><div class=\"vc_toggle_title\"><h4>\u00bfQu\u00e9 pasa si me olvido de cumplir una de las pr\u00e1cticas de los Primeros S\u00e1bados?<\/h4><i class=\"vc_toggle_icon\"><\/i><\/div><div class=\"vc_toggle_content\"><p>Todas las pr\u00e1cticas son necesarias para completar la devoci\u00f3n de Los <em>Primeros S\u00e1bados<\/em> . Esto incluye la intenci\u00f3n de hacer reparaci\u00f3n al Inmaculado Coraz\u00f3n de Mar\u00eda para cada una de las cuatro pr\u00e1cticas. Si te olvidas de una pr\u00e1ctica y de la intenci\u00f3n de reparaci\u00f3n al Inmaculado Coraz\u00f3n de Mar\u00eda, debes empezar de nuevo con el siguiente <em>Primer S\u00e1bado<\/em> durante 5 consecutivos <em>Primeros S\u00e1bados.&nbsp;<\/em>De nuevo, nada de lo que hagamos por Jes\u00fas y Mar\u00eda carece de valor. Con su ayuda, podemos perseverar con paciencia.<\/p>\n<\/div><\/div><div  class=\"vc_do_toggle vc_toggle vc_toggle_default vc_toggle_color_default  vc_toggle_size_md\"><div class=\"vc_toggle_title\"><h4>\u00bfC\u00f3mo puedo acompa\u00f1ar a Nuestra Se\u00f1ora durante un cuarto de hora mientras medito los misterios del Rosario con la intenci\u00f3n de hacer reparaci\u00f3n al Coraz\u00f3n Inmaculado de Mar\u00eda?<\/h4><i class=\"vc_toggle_icon\"><\/i><\/div><div class=\"vc_toggle_content\"><p>Se puede cumplir la petici\u00f3n de la Virgen de esta meditaci\u00f3n en cualquier momento de los <em>Primeros S\u00e1bados<\/em>. Si es posible, un momento especial para hacerlo es inmediatamente despu\u00e9s de la Santa Misa en la que recibimos a Jes\u00fas en la Santa Comuni\u00f3n. Santa Teresa de \u00c1vila recomendaba utilizar un libro espiritual como punto de partida para la meditaci\u00f3n. Santa Teresa de Lisieux nos dijo que su lectura preferida eran los Evangelios. En el esp\u00edritu del documento magisterial, <em>Verbum Domini<\/em>, recomendamos la antigua pr\u00e1ctica de <em id=\"yui_3_16_0_1_1409933818743_5132\">lectio divina <\/em>como m\u00e9todo para leer y reflexionar sobre las Sagradas Escrituras relacionadas con los misterios del Rosario mientras se hace compa\u00f1\u00eda a la Virgen. Hay materiales disponibles que incluyen una pr\u00e1ctica colecci\u00f3n de las Escrituras relacionadas con los veinte misterios del Rosario. Estos materiales tambi\u00e9n muestran c\u00f3mo utilizar el <em>lectio divina <\/em>en la meditaci\u00f3n de los misterios. Para m\u00e1s informaci\u00f3n, consulte los libros <a href=\"https:\/\/communalfirstsaturdays.org\/es\/shop\/the-communal-first-saturdays\/\"><em>The Communal First Saturdays<\/em> . <\/a> y <a href=\"https:\/\/communalfirstsaturdays.org\/es\/shop\/the-communal-first-saturdays-devotional-book\/\"><em>The Communal First Saturdays<\/em>&nbsp;<em>Comunitarios<\/em> .<\/a>Tambi\u00e9n puede leer el folleto, <a href=\"https:\/\/communalfirstsaturdays.org\/wp-content\/uploads\/2019\/11\/Fulfilling-4th-Practice_pdf_s2.pdf\"><em>Fulfilling the Fourth Practice of the First Saturdays. <\/em><\/a>Al menos, se puede simplemente evocar alguno de los misterios del Rosario y meditarlo en compa\u00f1\u00eda de la Virgen.<\/p>\n<\/div><\/div><div  class=\"vc_do_toggle vc_toggle vc_toggle_default vc_toggle_color_default  vc_toggle_size_md\"><div class=\"vc_toggle_title\"><h4>\u00bfEst\u00e1 bien meditar cualquiera de los misterios del Rosario que uno desee?<\/h4><i class=\"vc_toggle_icon\"><\/i><\/div><div class=\"vc_toggle_content\"><p>No hay requisitos en cuanto a los misterios que uno elige para meditar en el cumplimiento de los <em>Primeros S\u00e1bados<\/em>. Sin embargo, es recomendable tratar de abarcar todos los misterios en un periodo de tiempo. Para m\u00e1s informaci\u00f3n, puede leer el folleto, <a href=\"https:\/\/communalfirstsaturdays.org\/wp-content\/uploads\/2019\/11\/Fulfilling-4th-Practice_pdf_s2.pdf\"><em>Fulfilling the Fourth Practice of the First Saturdays.<\/em><\/a><\/p>\n<\/div><\/div><div  class=\"vc_do_toggle vc_toggle vc_toggle_default vc_toggle_color_default  vc_toggle_size_md\"><div class=\"vc_toggle_title\"><h4>\u00bfQu\u00e9 pasa si no puedo confesarme el Primer S\u00e1bado?<\/h4><i class=\"vc_toggle_icon\"><\/i><\/div><div class=\"vc_toggle_content\"><p>La confesi\u00f3n es el \u00fanico requisito que, de acuerdo con Nuestro Se\u00f1or Jes\u00fas, puede cumplirse incluso a m\u00e1s de ocho d\u00edas antes del Primer S\u00e1bado, \"siempre que, cuando me reciban, est\u00e9n en estado de gracia y tengan la intenci\u00f3n de hacer reparaci\u00f3n al Inmaculado Coraz\u00f3n de Mar\u00eda\". (Jes\u00fas a Sor Luc\u00eda, 15 de febrero de 1926, <em>F\u00e1tima en palabras de Luc\u00eda, Anexo I, <\/em>trans. Monjas Dominicas del Rosario Perpetuo, 1976, p. 192). Jes\u00fas no especifica el n\u00famero de d\u00edas que hay que confesarse antes o despu\u00e9s de recibirlo, pero podemos entender sus palabras en el sentido de que hay que confesarse alg\u00fan d\u00eda al menos una vez al mes por cada primer s\u00e1bado. Esto ser\u00eda coherente con la regla actual de la Iglesia para obtener la indulgencia plenaria, que dice que la Confesi\u00f3n puede ser dentro de los 20 d\u00edas anteriores o posteriores a recibir la Sagrada Comuni\u00f3n y realizar la obra prescrita (<em>Manuel de Indulgencias<\/em>, n. 5, 2006).<\/p>\n<p>Para cumplir con la petici\u00f3n de cada Primer S\u00e1bado, los fieles necesitan ir a la confesi\u00f3n con la intenci\u00f3n de hacer la reparaci\u00f3n al Inmaculado Coraz\u00f3n de Mar\u00eda. Si los fieles se olvidan de hacer esta intenci\u00f3n, Jes\u00fas dijo: \"Pueden hacerlo en su pr\u00f3xima confesi\u00f3n, aprovechando la primera oportunidad de confesarse\" (Jes\u00fas a Sor Luc\u00eda, 15 de febrero de 1926, <em>F\u00e1tima en palabras de Luc\u00eda, Anexo I, <\/em>trans. Monjas Dominicas del Rosario Perpetuo, 1976, <em>p. 192<\/em>).<\/p>\n<\/div><\/div><div  class=\"vc_do_toggle vc_toggle vc_toggle_default vc_toggle_color_default  vc_toggle_size_md\"><div class=\"vc_toggle_title\"><h4>\u00bfCu\u00e1les son las cuatro pr\u00e1cticas que debo recordar hacer con la intenci\u00f3n de hacer reparaci\u00f3n al Coraz\u00f3n Inmaculado de Mar\u00eda?<\/h4><i class=\"vc_toggle_icon\"><\/i><\/div><div class=\"vc_toggle_content\"><p><strong>Recuerde<\/strong><\/p>\n<p>Para cumplir con la devoci\u00f3n de los <em>Primeros S\u00e1bados<\/em> en cinco ocasiones consecutivas <em>Primeros S\u00e1bados <\/em>o incluso m\u00e1s, las siguientes 4 acciones separadas deben ser completadas con la intenci\u00f3n de hacer reparaci\u00f3n al Inmaculado Coraz\u00f3n de Mar\u00eda:<\/p>\n<p>1. Confesarse <em>con la intenci\u00f3n de hacer reparaci\u00f3n al Inmaculado Coraz\u00f3n de Mar\u00eda.<\/em><\/p>\n<p>2. Rezar el Rosario (5 decenas) <em>con la intenci\u00f3n de hacer reparaci\u00f3n al Inmaculado Coraz\u00f3n de Mar\u00eda.<\/em><\/p>\n<p>3. Recibir la Sagrada Comuni\u00f3n <em>con la intenci\u00f3n de hacer reparaci\u00f3n al Inmaculado Coraz\u00f3n de Mar\u00eda. <\/em><\/p>\n<p>4. Acompa\u00f1ar a la Virgen durante 15 minutos m\u00e1s mientras se meditan los misterios del Rosario <em>con la intenci\u00f3n de hacer reparaci\u00f3n al Inmaculado Coraz\u00f3n de Mar\u00eda.<\/em><\/p>\n<\/div><\/div><\/div><\/div><\/div><\/div><div class=\"vc_row wpb_row vc_row-fluid\"><div class=\"wpb_column vc_column_container vc_col-sm-12\"><div class=\"vc_column-inner\"><div class=\"wpb_wrapper\">\n\t<div class=\"wpb_text_column wpb_content_element\" >\n\t\t<div class=\"wpb_wrapper\">\n\t\t\t<h2>The Communal First Saturdays<\/h2>\n\n\t\t<\/div>\n\t<\/div>\n<div  class=\"vc_do_toggle vc_toggle vc_toggle_default vc_toggle_color_default  vc_toggle_size_md\"><div class=\"vc_toggle_title\"><h4>\u00bfQu\u00e9 son los Primeros S\u00e1bados Comunitarios?<\/h4><i class=\"vc_toggle_icon\"><\/i><\/div><div class=\"vc_toggle_content\"><p>.&nbsp;<em>Los Primeros S\u00e1bados Comunitarios<\/em>&nbsp;es un&nbsp;<strong>servicio parroquial programado<\/strong>&nbsp;mensual en el que los fieles pueden&nbsp;<strong>unirse en las cuatro pr\u00e1cticas<\/strong>&nbsp;solicitadas por Nuestra Se\u00f1ora en&nbsp;<strong>reparaci\u00f3n<\/strong>&nbsp;a su Inmaculado Coraz\u00f3n (10 de diciembre de 1925).&nbsp;<strong>Las confesiones<\/strong>&nbsp;est\u00e1n disponibles antes de la misa. Las oraciones iniciales y el rezo del&nbsp;<strong>Rosario<\/strong>&nbsp;preceden a la misa que incluye la&nbsp;<strong>Comuni\u00f3n de reparaci\u00f3n<\/strong>. Despu\u00e9s de la misa sigue la&nbsp;<strong>meditaci\u00f3n<\/strong>&nbsp;<strong>comunitaria durante 15 minutos<\/strong>&nbsp;en los misterios del Rosario en compa\u00f1\u00eda de Nuestro Se\u00f1or y Nuestra Se\u00f1ora. Esto se hace en forma de&nbsp;<strong><em>lectio divina<\/em><\/strong>&nbsp;y utilizando&nbsp;<strong>la Escritura<\/strong>&nbsp;relacionados con los misterios del Rosario. Los fieles utilizan un libro para seguir el servicio. De nuevo,&nbsp;<strong>las cuatro pr\u00e1cticas se realizan con la intenci\u00f3n de reparar al Inmaculado Coraz\u00f3n de Mar\u00eda<\/strong>.<\/p>\n<p>Como regalos adicionales a Nuestro Se\u00f1or y Nuestra Se\u00f1ora, se rezan las Letan\u00edas de la Sant\u00edsima Virgen Mar\u00eda y las oraciones por el Santo Padre. Seguido, se recomienda realizar la devoci\u00f3n de la Visitaci\u00f3n de la Imagen de la Virgen Peregrina de la Iglesia al Hogar. Al final del servicio, se pone a disposici\u00f3n el Escapulario de la Virgen del Carmen y se recibe como signo de consagraci\u00f3n al Inmaculado Coraz\u00f3n de Mar\u00eda.<\/p>\n<p>Esta celebraci\u00f3n comunitaria de los&nbsp;<em>Primeros S\u00e1bados<\/em>&nbsp;ofrece una forma m\u00e1s f\u00e1cil de cumplir las condiciones de los&nbsp;<em>Primeros S\u00e1bados<\/em>. Adem\u00e1s, la celebraci\u00f3n comunitaria ofrece un servicio a trav\u00e9s del cual un n\u00famero mucho mayor de personas puede practicar la devoci\u00f3n de los&nbsp;<em>Primeros S\u00e1bados<\/em>, no s\u00f3lo por cinco&nbsp;<em>Primeros S\u00e1bados<\/em>consecutivos, sino tambi\u00e9n de forma continua. De este modo, podremos obtener las gracias de la conversi\u00f3n para nosotros y para los dem\u00e1s en mayor medida, y as\u00ed ayudar a que se haya un periodo de paz y de salvaci\u00f3n de las almas. Para m\u00e1s informaci\u00f3n, ver el folleto&nbsp;<a href=\"https:\/\/drive.google.com\/file\/d\/14psxkSued1-izsJTgBZhMuIHGctQgh5h\/view?usp=sharing\"><em>El Orden de Los Primeros S\u00e1bados Comunitarios<\/em><\/a>&nbsp;.<\/p>\n<\/div><\/div><div  class=\"vc_do_toggle vc_toggle vc_toggle_default vc_toggle_color_default  vc_toggle_size_md\"><div class=\"vc_toggle_title\"><h4>\u00bfPor qu\u00e9 necesitamos los Primeros S\u00e1bados Comunitarios?<\/h4><i class=\"vc_toggle_icon\"><\/i><\/div><div class=\"vc_toggle_content\"><p>La forma comunitaria de los <em>Primeros S\u00e1bados<\/em> hacen posible que un n\u00famero mucho mayor de personas cumpla la petici\u00f3n de Nuestro Se\u00f1or y Nuestra Se\u00f1ora. Esta celebraci\u00f3n comunitaria de los <em>Primeros S\u00e1bados<\/em> ofrece una forma m\u00e1s f\u00e1cil de cumplir las condiciones de los <em>Primeros S\u00e1bados<\/em>. Adem\u00e1s, la celebraci\u00f3n comunitaria ofrece un testimonio m\u00e1s visible de la importancia de hacer los <em>Primeros S\u00e1bados<\/em>, no s\u00f3lo por cinco <em>Primeros S\u00e1bados<\/em>, sino tambi\u00e9n de forma continua. De este modo, podremos obtener las gracias de la conversi\u00f3n para los dem\u00e1s y para nosotros mismos en mayor medida, y as\u00ed ayudar a que se produzca un per\u00edodo de paz y de salvaci\u00f3n de las almas.<\/p>\n<p>Adem\u00e1s, Jes\u00fas dio a entender que nuestra oraci\u00f3n tiene m\u00e1s poder cuando nos reunimos con otros (Mt. 18:19-20). Un gran beneficio de la <em>Comunitario<\/em> <em>Primeros S\u00e1bados<\/em> es que ponemos el Coraz\u00f3n Eucar\u00edstico de Jes\u00fas en medio de Mar\u00eda. Encontramos a Mar\u00eda antes, durante y despu\u00e9s de la Santa Misa. Por nuestra conciencia de Mar\u00eda, antes, durante y despu\u00e9s de la Santa Misa, m\u00e1s del infinito amor y poder de la Sagrada Eucarist\u00eda puede ser liberado a nosotros porque Mar\u00eda es el canal de gracia de Jes\u00fas.<\/p>\n<p>Es urgente la celebraci\u00f3n p\u00fablica y comunitaria de los Primeros S\u00e1bados. Para m\u00e1s informaci\u00f3n, pulse<a href=\"https:\/\/communalfirstsaturdays.org\/es\/why-is-it-urgent-that-the-first-saturdays-be-done-publicly\/\"> aqu\u00ed.<\/a><\/p>\n<p>Para una explicaci\u00f3n m\u00e1s detallada, consulte&nbsp;<a href=\"https:\/\/communalfirstsaturdays.org\/es\/store\/\"><em>The Communal First Saturdays<\/em> .<\/a>.<\/p>\n<\/div><\/div><div  class=\"vc_do_toggle vc_toggle vc_toggle_default vc_toggle_color_default  vc_toggle_size_md\"><div class=\"vc_toggle_title\"><h4>\u00bfC\u00f3mo puedo iniciar los Primeros S\u00e1bados Comunitarios en mi parroquia?<\/h4><i class=\"vc_toggle_icon\"><\/i><\/div><div class=\"vc_toggle_content\"><p>Para iniciar Los <em>Los Primeros S\u00e1bados Comunitarios<\/em>, por favor, haga clic en <a href=\"https:\/\/communalfirstsaturdays.org\/es\/how-to-start-the-public-cfs-in-the-parish\/\">aqu\u00ed.<\/a><\/p>\n<\/div><\/div><\/div><\/div><\/div><\/div><div class=\"vc_row wpb_row vc_row-fluid\"><div class=\"wpb_column vc_column_container vc_col-sm-12\"><div class=\"vc_column-inner\"><div class=\"wpb_wrapper\">\n\t<div class=\"wpb_text_column wpb_content_element\" >\n\t\t<div class=\"wpb_wrapper\">\n\t\t\t<h2>Actividad Provida y los Primeros S\u00e1bados<\/h2>\n\n\t\t<\/div>\n\t<\/div>\n<div  class=\"vc_do_toggle vc_toggle vc_toggle_default vc_toggle_color_default  vc_toggle_size_md\"><div class=\"vc_toggle_title\"><h4>\u00bfNecesita la actividad Provida la devoci\u00f3n de los Primeros S\u00e1bados?<\/h4><i class=\"vc_toggle_icon\"><\/i><\/div><div class=\"vc_toggle_content\"><p>Es s\u00f3lo por la gracia del Esp\u00edritu Santo que esta naturaleza ca\u00edda es sanada del pecado. Esta sanaci\u00f3n por medio de la gracia s\u00f3lo puede ser recibida por aquellos que est\u00e1n dispuestos a adorar a Dios y muy especialmente a trav\u00e9s de la verdad de la religi\u00f3n cat\u00f3lica. La gracia se apoya en la naturaleza y permite a nuestro intelecto razonar m\u00e1s clara y profundamente sobre cosas como la ley natural con la ayuda de la verdad revelada. Adem\u00e1s, la gracia nos proporciona las numerosas virtudes necesarias para llevar a cabo la dif\u00edcil lucha por la vida. \"Si el Se\u00f1or no edifica la casa, en vano trabajan los alba\u00f1iles...\" (Sal. 127,1).<\/p>\n<p>Por lo tanto, para emprender la lucha, necesitamos reflexionar sobre las verdades de nuestra Fe, y necesitamos la gracia del Esp\u00edritu Santo para sostenernos y llevarnos hasta el final. Como vimos anteriormente, los <em>Primeros S\u00e1bados<\/em> re\u00fane poderosas formas de liturgia y devoci\u00f3n en las que reflexionamos sobre la verdad y por las que podemos obtener la gracia del Esp\u00edritu Santo. De hecho, la devoci\u00f3n de los <em>Primeros S\u00e1bados<\/em> fue una de las dos peticiones especiales de Nuestra Se\u00f1ora en F\u00e1tima, mencionadas anteriormente. Seg\u00fan San Juan Pablo II, \u00e9l y los obispos del mundo cumplieron la primera petici\u00f3n de consagrar Rusia y el mundo al Inmaculado Coraz\u00f3n de Mar\u00eda en 1984. La Virgen dijo que el cumplimiento de ambas peticiones conducir\u00e1 a la salvaci\u00f3n de las almas y a un per\u00edodo de paz en el mundo. La paz no puede separarse de la realizaci\u00f3n de la justicia en el mundo, y la justicia no puede separarse de la garant\u00eda del derecho a la vida en el mundo. Las palabras de Nuestra Se\u00f1ora del 13 de julio de 1917 implican que el \u00e9xito de la actividad provida es un resultado clave de la <em>Primeros S\u00e1bados<\/em> cuando la reparaci\u00f3n al Coraz\u00f3n Inmaculado de Mar\u00eda supera las ofensas contra Ella. Es importante se\u00f1alar que se presupone que la reparaci\u00f3n se ofrece siempre en primer lugar a Dios y a su Sacrat\u00edsimo Coraz\u00f3n y que \u00c9l es el fin de toda reparaci\u00f3n. Recordemos que los pecados que ofenden al Coraz\u00f3n Inmaculado de Mar\u00eda ofenden m\u00e1s a Dios que a Ella y exigen reparaci\u00f3n. Como resultado de esta reparaci\u00f3n, se alcanzar\u00e1 la justicia necesaria como condici\u00f3n para que surjan aquellas gracias del Esp\u00edritu Santo que permitir\u00e1n que la actividad provida proteja m\u00e1s perfectamente la vida humana.<\/p>\n<p>En el <em>Evangelio de la vida<\/em>, El Papa Juan Pablo II dijo,<\/p>\n<p style=\"padding-left: 30px;\">&nbsp;\"... <em>se necesita urgentemente una gran oraci\u00f3n por la vida, <\/em>una oraci\u00f3n que se eleve en todo el mundo. Que a trav\u00e9s de iniciativas especiales y en la oraci\u00f3n diaria, se eleve una s\u00faplica apasionada a Dios, Creador y amante de la vida, desde cada comunidad cristiana, desde cada grupo y asociaci\u00f3n, desde cada familia y desde el coraz\u00f3n de cada creyente\" (n. 100).<\/p>\n<p>Parece que ha llegado el momento de reconocer que la devoci\u00f3n de los <em>Primeros S\u00e1bados<\/em> puede proporcionar eficazmente al movimiento provida la antorcha para hacer arder la \"gran oraci\u00f3n por la vida\", como pidi\u00f3 el Papa Juan Pablo II.<\/p>\n<\/div><\/div><div  class=\"vc_do_toggle vc_toggle vc_toggle_default vc_toggle_color_default  vc_toggle_size_md\"><div class=\"vc_toggle_title\"><h4>\u00bfExisten formas espec\u00edficas en las que la actividad Provida necesita la devoci\u00f3n de los Primeros S\u00e1bados?<\/h4><i class=\"vc_toggle_icon\"><\/i><\/div><div class=\"vc_toggle_content\"><p>Ya hemos visto lo que son los <em>Primeros S\u00e1bados<\/em> y lo que incluye. Nuestra Se\u00f1ora pidi\u00f3 que se hicieran cuatro acciones religiosas en reparaci\u00f3n a su Inmaculado Coraz\u00f3n.  \u00c9stas son la Confesi\u00f3n, la recepci\u00f3n de la Comuni\u00f3n reparadora, el rezo del Rosario y una meditaci\u00f3n separada de 15 minutos sobre los misterios del Rosario en compa\u00f1\u00eda de Nuestra Se\u00f1ora. Cada una de estas cuatro pr\u00e1cticas debe hacerse con la intenci\u00f3n de hacer reparaci\u00f3n al Coraz\u00f3n Inmaculado de Mar\u00eda. Cada una de estas pr\u00e1cticas es una ayuda para la actividad provida.<\/p>\n<p>Sin embargo, reunir estas pr\u00e1cticas para los <em>Primeros S\u00e1bados<\/em> es especialmente eficaz. Estamos preparados para recibir la Sagrada Eucarist\u00eda por la recepci\u00f3n del sacramento de la Penitencia. Por la palabra de verdad que se medita en el Rosario, estamos dispuestos a recibir la gracia en su fuente misma en la Sagrada Eucarist\u00eda y a beneficiarnos de la presencia continua de la Sagrada Eucarist\u00eda por la meditaci\u00f3n adicional despu\u00e9s de la Misa.<\/p>\n<p>La Virgen sabe cu\u00e1l es el modo m\u00e1s eficaz de disponernos a recibir a su Hijo en la Sagrada Eucarist\u00eda. Las cuatro pr\u00e1cticas unidas en los <em>Primeros S\u00e1bados<\/em> para que la intenci\u00f3n de reparar al Inmaculado Coraz\u00f3n de Mar\u00eda nos prepare para una espiritualidad cotidiana, para la labor de evangelizaci\u00f3n y, en particular, para la defensa de la vida humana.<\/p>\n<\/div><\/div><div  class=\"vc_do_toggle vc_toggle vc_toggle_default vc_toggle_color_default  vc_toggle_size_md\"><div class=\"vc_toggle_title\"><h4>\u00bfLa actividad Provida incluye la reparaci\u00f3n al Coraz\u00f3n Inmaculado de Mar\u00eda?<\/h4><i class=\"vc_toggle_icon\"><\/i><\/div><div class=\"vc_toggle_content\"><p>El triunfo del movimiento Provida sobre la cultura de la muerte no puede lograrse con un mero esfuerzo humano. La cultura de la muerte tampoco se sostiene con el mero esfuerzo humano. Satan\u00e1s y sus demonios buscan atacar a Dios mismo. Pero no pueden hacerlo directamente. No pueden da\u00f1ar a Dios mismo directamente. Sin embargo, tratan de hacerlo a trav\u00e9s de un ataque a la creaci\u00f3n de Dios. Esto se hace principalmente atacando la imagen y semejanza de Dios que se encuentra en el hombre y la mujer. Una forma de hacerlo es atacando la comunidad de vida y amor basada en el matrimonio, la familia -padre, madre e hijo-, una imagen de la Sant\u00edsima Trinidad. El uso del aborto y la anticoncepci\u00f3n son algunas de las formas particulares en que se realiza este ataque. Sin embargo, la gente puede estar en contra del aborto pero no de la anticoncepci\u00f3n, que en muchos casos implica el uso de un abortivo. Como abortivo, el uso del \"anticonceptivo\" es un pecado a\u00fan m\u00e1s grave que la anticoncepci\u00f3n. Aunque los seres humanos pueden tener sus propios motivos para realizar estos actos malvados, el diablo tiene el motivo malvado definitivo de atacar a Dios. Debemos reconocer que estamos en una guerra espiritual contra las fuerzas del mal, y la victoria no puede lograrse sin la gracia del Esp\u00edritu Santo.<\/p>\n<p>Sin embargo, mientras nos esforzamos por conseguir una ley contra el aborto, hace falta m\u00e1s. Dios se ofende por la injusticia contra la vida humana. La reparaci\u00f3n a Dios e incluso a las v\u00edctimas es necesaria para restablecer la justicia. Todos podemos ayudar a reparar a Dios y a los inocentes por estas graves ofensas contra la vida. As\u00ed, nuestras oraciones y obras pueden ser ofrecidas a Dios con este fin. S\u00f3lo cuando, por la gracia y la misericordia de Dios, se haya reparado suficientemente por estas ofensas, podremos obtener las gracias necesarias para la conversi\u00f3n de un n\u00famero suficiente de pecadores que traiga una nueva era de paz y una cultura de la vida.<\/p>\n<p>Sin embargo, \u00bfpor qu\u00e9 es necesario hacer reparaci\u00f3n al Inmaculado Coraz\u00f3n de Mar\u00eda, especialmente a trav\u00e9s de los <em>Primeros S\u00e1bados<\/em>? Desde una perspectiva provida, el pecado del aborto no s\u00f3lo es una injusticia contra Dios y el ni\u00f1o inocente, sino tambi\u00e9n una injusticia contra la maternidad y la paternidad. El apoyo al aborto implica que la maternidad y la paternidad tienen poca importancia, y que se pueden ignorar las responsabilidades que conlleva la concepci\u00f3n de un hijo. \u00bfC\u00f3mo se pueden reparar estos puntos de vista y sus resultados a la Virgen?<\/p>\n<p>Nuestra Se\u00f1ora es el modelo y la madre de todas las madres. Mar\u00eda es nuestra Madre. Jes\u00fas nos la dio como un don desde la Cruz. \u00bfSomos insensibles al abuso que ha sufrido nuestra Madre? La forma en que la tratamos tiene un efecto tremendo en la forma en que consideramos la maternidad e incluso la paternidad. Nuestro Se\u00f1or le dijo a Sor Luc\u00eda que hab\u00eda cinco razones para hacer los <em>Primeros S\u00e1bados<\/em>, entre ellas, hacer reparaci\u00f3n por los pecados contra la Inmaculada Concepci\u00f3n de la Virgen, su virginidad y su maternidad de Dios y de los hombres. La reparaci\u00f3n de los pecados contra la Inmaculada Concepci\u00f3n de Mar\u00eda permitir\u00eda obtener las gracias necesarias para que los hombres consideren sagrada la concepci\u00f3n humana. La reparaci\u00f3n de los pecados contra la virginidad de la Virgen permite obtener las gracias necesarias para valorar la virginidad y la pureza en todas sus formas, y eliminar as\u00ed los pecados que conducen al aborto. Reparando los pecados contra la Maternidad de Mar\u00eda se obtendr\u00edan las gracias necesarias para devolver a la maternidad el lugar que le corresponde en la sociedad.<\/p>\n<p>La reparaci\u00f3n a la Virgen no es una mera devoci\u00f3n arbitraria, sino una exigencia de la justicia. Sin esta reparaci\u00f3n, no podemos esperar lograr una cultura de la vida. Aunque la reparaci\u00f3n es necesaria, no decimos que todo el mundo est\u00e9 obligado a practicar los <em>Primeros S\u00e1bados<\/em> para salvarse, pero esta devoci\u00f3n ser\u00e1 de gran ayuda para realizar la reparaci\u00f3n que exige la justicia.<\/p>\n<\/div><\/div><div  class=\"vc_do_toggle vc_toggle vc_toggle_default vc_toggle_color_default  vc_toggle_size_md\"><div class=\"vc_toggle_title\"><h4>\u00bfEl sacramento de la Reconciliaci\u00f3n fomenta la actividad Provida y act\u00faa como remedio curativo de los pecados contra la vida?<\/h4><i class=\"vc_toggle_icon\"><\/i><\/div><div class=\"vc_toggle_content\"><p>El primero de los cuatro medios mencionados por la Virgen para reparar a su Inmaculado Coraz\u00f3n con los <em>Primeros S\u00e1bados<\/em> es el sacramento de la Penitencia (Confesi\u00f3n o Reconciliaci\u00f3n). Jes\u00fas instituy\u00f3 este sacramento despu\u00e9s de su resurrecci\u00f3n principalmente como el medio ordinario para el perd\u00f3n de los pecados graves, as\u00ed como una ayuda regular para nuestro desarrollo espiritual, incluyendo la confesi\u00f3n de los pecados veniales. La recepci\u00f3n de la Eucarist\u00eda requiere que nos acerquemos a Jes\u00fas sin ser conscientes del pecado mortal.<\/p>\n<p>Todos los pecados, mortales o veniales, contribuyen de alguna manera a atentar contra la vida. Todos los pecados presentan un obst\u00e1culo al flujo de la gracia de Dios hacia nosotros. El aut\u00e9ntico servicio a la vida requiere la gracia del Esp\u00edritu Santo. Por eso, todos podemos beneficiar la vida de los inocentes recibiendo el sacramento de la Penitencia.<\/p>\n<\/div><\/div><div  class=\"vc_do_toggle vc_toggle vc_toggle_default vc_toggle_color_default  vc_toggle_size_md\"><div class=\"vc_toggle_title\"><h4>\u00bfEs necesaria la Eucarist\u00eda para la victoria del movimiento Provida?<\/h4><i class=\"vc_toggle_icon\"><\/i><\/div><div class=\"vc_toggle_content\"><p>\"Si no com\u00e9is mi Cuerpo y no beb\u00e9is mi Sangre, no pod\u00e9is tener la Vida en vosotros\" (Jn. 6, 53). Como sacramento, la Sagrada Eucarist\u00eda nos comunica la gracia santificante, sin la cual no podemos salvarnos. La Eucarist\u00eda es la \"fuente y cumbre\" de nuestra vida (<em>LG <\/em>11). Todo lo que hacemos en los <em>Primeros S\u00e1bados<\/em> se ordena a la Santa Eucarist\u00eda. Incluso la intenci\u00f3n de <em>Primeros S\u00e1bados<\/em>, la reparaci\u00f3n al Coraz\u00f3n Inmaculado de Mar\u00eda, puede ser una condici\u00f3n que nos permita unirnos m\u00e1s estrechamente al Coraz\u00f3n Eucar\u00edstico de Jes\u00fas. La participaci\u00f3n en la Sagrada Eucarist\u00eda, como \"fuente y cumbre\" de nuestra vida, es necesaria para adquirir la gracia que nos ayude a vencer la cultura de la muerte. Sin embargo, la Virgen desea que nos preparemos y dispongamos para recibir a su Hijo de manera m\u00e1s eficaz con la ayuda de los <em>Primeros S\u00e1bados&nbsp;<\/em>practicado por un n\u00famero suficiente de fieles<i>.&nbsp;<\/i>De este modo, se obtendr\u00e1 la victoria.<\/p>\n<\/div><\/div><div  class=\"vc_do_toggle vc_toggle vc_toggle_default vc_toggle_color_default  vc_toggle_size_md\"><div class=\"vc_toggle_title\"><h4>\u00bfEl Rosario es una oraci\u00f3n Provida?<\/h4><i class=\"vc_toggle_icon\"><\/i><\/div><div class=\"vc_toggle_content\"><p>Se dice que el Rosario tiene un cuerpo y un alma. Las oraciones vocales son el cuerpo de la oraci\u00f3n. Entre esas oraciones est\u00e1 el <em>Ave Mar\u00eda<\/em>. Esta oraci\u00f3n nos inculca profundamente que el fruto del vientre de Mar\u00eda es bendito. Esta oraci\u00f3n muestra que Jes\u00fas en el vientre materno requiere nuestra alabanza, y porque Jes\u00fas es Dios, esta alabanza es adoraci\u00f3n. Esta oraci\u00f3n tambi\u00e9n nos ayuda a considerar a todos los que est\u00e1n en el vientre materno con gran respeto.<\/p>\n<p>El alma de la oraci\u00f3n es la meditaci\u00f3n de los misterios. Comenzamos el Rosario con la meditaci\u00f3n de la Anunciaci\u00f3n del \u00e1ngel a Mar\u00eda. Mar\u00eda crey\u00f3 en Jes\u00fas tal y como fue anunciado por el arc\u00e1ngel Gabriel y as\u00ed comenz\u00f3 la f\u00e9 cat\u00f3lica. Mar\u00eda concibi\u00f3 a Jes\u00fas en su Coraz\u00f3n. Jes\u00fas fue concebido en el vientre de Mar\u00eda. Dios se hizo hombre.<\/p>\n<p>Adem\u00e1s, la primera obra de misericordia de la Virgen, tras la concepci\u00f3n de Jes\u00fas descrita en el Evangelio, fue visitar a su pariente que tambi\u00e9n concibi\u00f3 un hijo. La Virgen nos muestra lo especial que es atender a las mujeres que est\u00e1n embarazadas.<\/p>\n<p>Por \u00faltimo, la meditaci\u00f3n de todos los misterios del Rosario refuerza nuestro respeto por la vida. Por ejemplo, vemos la necesidad de respetar la vida no s\u00f3lo en los Misterios Gozosos, sino tambi\u00e9n al predicar Nuestro Se\u00f1or un Evangelio de la Vida en los Misterios Luminosos, al sufrir el ataque a la Vida en los Misterios Dolorosos y, finalmente, al levantar Su Vida en los Misterios Gloriosos.<\/p>\n<\/div><\/div><div  class=\"vc_do_toggle vc_toggle vc_toggle_default vc_toggle_color_default  vc_toggle_size_md\"><div class=\"vc_toggle_title\"><h4>\u00bfLa meditaci\u00f3n separada de 15 minutos beneficia el rezo del Rosario?<\/h4><i class=\"vc_toggle_icon\"><\/i><\/div><div class=\"vc_toggle_content\"><p>Pasar 15 minutos en compa\u00f1\u00eda de la Virgen para meditar los misterios del Rosario sin las oraciones vocales nos ayuda a fortalecer nuestra capacidad de meditaci\u00f3n. Descubrimos entonces que, incluso cuando rezamos el Rosario del modo ordinario, podemos meditar mejor los misterios. Cuanto mejor meditemos el Rosario, m\u00e1s reverenciaremos el car\u00e1cter sagrado de la vida humana, desde la concepci\u00f3n hasta la muerte. El uso de la Escritura y de la <em>lectio divina<\/em> como m\u00e9todo de meditaci\u00f3n de los misterios del Rosario es muy recomendable. Para una explicaci\u00f3n m\u00e1s detallada, consulte el libro <a href=\"https:\/\/communalfirstsaturdays.org\/es\/shop\/the-communal-first-saturdays\/\"><em>The Communal First Saturdays<\/em> .<\/a>.<\/p>\n<\/div><\/div><\/div><\/div><\/div><\/div>\t\t\t\t\t\t\t\t<\/div>\n\t\t\t\t<\/div>\n\t\t\t\t\t<\/div>\n\t\t\t\t<\/div>\n\t\t\t\t<\/div>\n\t\t<\/div>","protected":false},"excerpt":{"rendered":"First Saturdays What did Our Lady of the Rosary at Fatima say God wanted? First Saturdays What did Our Lady of the Rosary at Fatima say God wanted? On July 13, 1917, Our Lady told the children: You have seen hell where the souls of poor sinners go. In order to save them, God wishes [...]","protected":false},"author":3,"featured_media":0,"parent":0,"menu_order":0,"comment_status":"closed","ping_status":"closed","template":"","meta":{"_acf_changed":false,"om_disable_all_campaigns":false,"_monsterinsights_skip_tracking":false,"_monsterinsights_sitenote_active":false,"_monsterinsights_sitenote_note":"","_monsterinsights_sitenote_category":0,"_uf_show_specific_survey":0,"_uf_disable_surveys":false,"site-sidebar-layout":"no-sidebar","site-content-layout":"plain-container","ast-site-content-layout":"default","site-content-style":"default","site-sidebar-style":"default","ast-global-header-display":"","ast-banner-title-visibility":"","ast-main-header-display":"","ast-hfb-above-header-display":"","ast-hfb-below-header-display":"","ast-hfb-mobile-header-display":"","site-post-title":"disabled","ast-breadcrumbs-content":"","ast-featured-img":"disabled","footer-sml-layout":"","ast-disable-related-posts":"","theme-transparent-header-meta":"default","adv-header-id-meta":"","stick-header-meta":"","header-above-stick-meta":"","header-main-stick-meta":"","header-below-stick-meta":"","astra-migrate-meta-layouts":"default","ast-page-background-enabled":"default","ast-page-background-meta":{"desktop":{"background-color":"","background-image":"","background-repeat":"repeat","background-position":"center center","background-size":"auto","background-attachment":"scroll","background-type":"","background-media":"","overlay-type":"","overlay-color":"","overlay-opacity":"","overlay-gradient":""},"tablet":{"background-color":"","background-image":"","background-repeat":"repeat","background-position":"center center","background-size":"auto","background-attachment":"scroll","background-type":"","background-media":"","overlay-type":"","overlay-color":"","overlay-opacity":"","overlay-gradient":""},"mobile":{"background-color":"","background-image":"","background-repeat":"repeat","background-position":"center center","background-size":"auto","background-attachment":"scroll","background-type":"","background-media":"","overlay-type":"","overlay-color":"","overlay-opacity":"","overlay-gradient":""}},"ast-content-background-meta":{"desktop":{"background-color":"var(--ast-global-color-5)","background-image":"","background-repeat":"repeat","background-position":"center center","background-size":"auto","background-attachment":"scroll","background-type":"","background-media":"","overlay-type":"","overlay-color":"","overlay-opacity":"","overlay-gradient":""},"tablet":{"background-color":"var(--ast-global-color-5)","background-image":"","background-repeat":"repeat","background-position":"center center","background-size":"auto","background-attachment":"scroll","background-type":"","background-media":"","overlay-type":"","overlay-color":"","overlay-opacity":"","overlay-gradient":""},"mobile":{"background-color":"var(--ast-global-color-5)","background-image":"","background-repeat":"repeat","background-position":"center center","background-size":"auto","background-attachment":"scroll","background-type":"","background-media":"","overlay-type":"","overlay-color":"","overlay-opacity":"","overlay-gradient":""}},"footnotes":""},"class_list":["post-20","page","type-page","status-publish","hentry"],"acf":[],"aioseo_notices":[],"yoast_head":"<!-- This site is optimized with the Yoast SEO plugin v27.4 - https:\/\/yoast.com\/product\/yoast-seo-wordpress\/ -->\n<title>FAQ - The Communal First Saturdays<\/title>\n<meta name=\"description\" content=\"The Communal First Saturdays - Answers to Frequently Asked Questions about Fatima, Our Lady of the Rosary, and The First Saturdays Devotion.\" \/>\n<meta name=\"robots\" content=\"index, follow, max-snippet:-1, max-image-preview:large, max-video-preview:-1\" \/>\n<link rel=\"canonical\" href=\"https:\/\/communalfirstsaturdays.org\/es\/faq\/\" \/>\n<meta property=\"og:locale\" content=\"es_MX\" \/>\n<meta property=\"og:type\" content=\"article\" \/>\n<meta property=\"og:title\" content=\"FAQ - The Communal First Saturdays\" \/>\n<meta property=\"og:description\" content=\"The Communal First Saturdays - Answers to Frequently Asked Questions about Fatima, Our Lady of the Rosary, and The First Saturdays Devotion.\" \/>\n<meta property=\"og:url\" content=\"https:\/\/communalfirstsaturdays.org\/es\/faq\/\" \/>\n<meta property=\"og:site_name\" content=\"The Communal First Saturdays\" \/>\n<meta property=\"article:publisher\" content=\"https:\/\/www.facebook.com\/CommunalFirstSaturdays\/\" \/>\n<meta property=\"article:modified_time\" content=\"2024-02-07T22:59:31+00:00\" \/>\n<meta property=\"og:image\" content=\"https:\/\/communalfirstsaturdays.org\/wp-content\/uploads\/2023\/05\/full-sized-logo-color.jpg\" \/>\n\t<meta property=\"og:image:width\" content=\"1200\" \/>\n\t<meta property=\"og:image:height\" content=\"782\" \/>\n\t<meta property=\"og:image:type\" content=\"image\/jpeg\" \/>\n<meta name=\"twitter:card\" content=\"summary_large_image\" \/>\n<meta name=\"twitter:site\" content=\"@CFSApostolate\" \/>\n<meta name=\"twitter:label1\" content=\"Tiempo de lectura\" \/>\n\t<meta name=\"twitter:data1\" content=\"20 minutos\" \/>\n<script type=\"application\/ld+json\" class=\"yoast-schema-graph\">{\"@context\":\"https:\\\/\\\/schema.org\",\"@graph\":[{\"@type\":\"WebPage\",\"@id\":\"https:\\\/\\\/communalfirstsaturdays.org\\\/faq\\\/\",\"url\":\"https:\\\/\\\/communalfirstsaturdays.org\\\/faq\\\/\",\"name\":\"FAQ - The Communal First Saturdays\",\"isPartOf\":{\"@id\":\"https:\\\/\\\/communalfirstsaturdays.org\\\/#website\"},\"datePublished\":\"2014-08-30T17:06:30+00:00\",\"dateModified\":\"2024-02-07T22:59:31+00:00\",\"description\":\"The Communal First Saturdays - Answers to Frequently Asked Questions about Fatima, Our Lady of the Rosary, and The First Saturdays Devotion.\",\"breadcrumb\":{\"@id\":\"https:\\\/\\\/communalfirstsaturdays.org\\\/faq\\\/#breadcrumb\"},\"inLanguage\":\"es\",\"potentialAction\":[{\"@type\":\"ReadAction\",\"target\":[\"https:\\\/\\\/communalfirstsaturdays.org\\\/faq\\\/\"]}]},{\"@type\":\"BreadcrumbList\",\"@id\":\"https:\\\/\\\/communalfirstsaturdays.org\\\/faq\\\/#breadcrumb\",\"itemListElement\":[{\"@type\":\"ListItem\",\"position\":1,\"name\":\"Home\",\"item\":\"https:\\\/\\\/communalfirstsaturdays.org\\\/\"},{\"@type\":\"ListItem\",\"position\":2,\"name\":\"FAQ\"}]},{\"@type\":\"WebSite\",\"@id\":\"https:\\\/\\\/communalfirstsaturdays.org\\\/#website\",\"url\":\"https:\\\/\\\/communalfirstsaturdays.org\\\/\",\"name\":\"The Communal First Saturdays\",\"description\":\"Power in Prayer Together\",\"publisher\":{\"@id\":\"https:\\\/\\\/communalfirstsaturdays.org\\\/#organization\"},\"potentialAction\":[{\"@type\":\"SearchAction\",\"target\":{\"@type\":\"EntryPoint\",\"urlTemplate\":\"https:\\\/\\\/communalfirstsaturdays.org\\\/?s={search_term_string}\"},\"query-input\":{\"@type\":\"PropertyValueSpecification\",\"valueRequired\":true,\"valueName\":\"search_term_string\"}}],\"inLanguage\":\"es\"},{\"@type\":\"Organization\",\"@id\":\"https:\\\/\\\/communalfirstsaturdays.org\\\/#organization\",\"name\":\"Communal First Saturdays\",\"url\":\"https:\\\/\\\/communalfirstsaturdays.org\\\/\",\"logo\":{\"@type\":\"ImageObject\",\"inLanguage\":\"es\",\"@id\":\"https:\\\/\\\/communalfirstsaturdays.org\\\/#\\\/schema\\\/logo\\\/image\\\/\",\"url\":\"https:\\\/\\\/communalfirstsaturdays.org\\\/wp-content\\\/uploads\\\/2019\\\/08\\\/cfs-logo-seo.png\",\"contentUrl\":\"https:\\\/\\\/communalfirstsaturdays.org\\\/wp-content\\\/uploads\\\/2019\\\/08\\\/cfs-logo-seo.png\",\"width\":800,\"height\":462,\"caption\":\"Communal First Saturdays\"},\"image\":{\"@id\":\"https:\\\/\\\/communalfirstsaturdays.org\\\/#\\\/schema\\\/logo\\\/image\\\/\"},\"sameAs\":[\"https:\\\/\\\/www.facebook.com\\\/CommunalFirstSaturdays\\\/\",\"https:\\\/\\\/x.com\\\/CFSApostolate\"]}]}<\/script>\n<!-- \/ Yoast SEO plugin. -->","yoast_head_json":{"title":"FAQ - The Communal First Saturdays","description":"The Communal First Saturdays - Answers to Frequently Asked Questions about Fatima, Our Lady of the Rosary, and The First Saturdays Devotion.","robots":{"index":"index","follow":"follow","max-snippet":"max-snippet:-1","max-image-preview":"max-image-preview:large","max-video-preview":"max-video-preview:-1"},"canonical":"https:\/\/communalfirstsaturdays.org\/es\/faq\/","og_locale":"es_MX","og_type":"article","og_title":"FAQ - The Communal First Saturdays","og_description":"The Communal First Saturdays - Answers to Frequently Asked Questions about Fatima, Our Lady of the Rosary, and The First Saturdays Devotion.","og_url":"https:\/\/communalfirstsaturdays.org\/es\/faq\/","og_site_name":"The Communal First Saturdays","article_publisher":"https:\/\/www.facebook.com\/CommunalFirstSaturdays\/","article_modified_time":"2024-02-07T22:59:31+00:00","og_image":[{"width":1200,"height":782,"url":"https:\/\/communalfirstsaturdays.org\/wp-content\/uploads\/2023\/05\/full-sized-logo-color.jpg","type":"image\/jpeg"}],"twitter_card":"summary_large_image","twitter_site":"@CFSApostolate","twitter_misc":{"Tiempo de lectura":"20 minutos"},"schema":{"@context":"https:\/\/schema.org","@graph":[{"@type":"WebPage","@id":"https:\/\/communalfirstsaturdays.org\/faq\/","url":"https:\/\/communalfirstsaturdays.org\/faq\/","name":"FAQ - The Communal First Saturdays","isPartOf":{"@id":"https:\/\/communalfirstsaturdays.org\/#website"},"datePublished":"2014-08-30T17:06:30+00:00","dateModified":"2024-02-07T22:59:31+00:00","description":"The Communal First Saturdays - Answers to Frequently Asked Questions about Fatima, Our Lady of the Rosary, and The First Saturdays Devotion.","breadcrumb":{"@id":"https:\/\/communalfirstsaturdays.org\/faq\/#breadcrumb"},"inLanguage":"es","potentialAction":[{"@type":"ReadAction","target":["https:\/\/communalfirstsaturdays.org\/faq\/"]}]},{"@type":"BreadcrumbList","@id":"https:\/\/communalfirstsaturdays.org\/faq\/#breadcrumb","itemListElement":[{"@type":"ListItem","position":1,"name":"Home","item":"https:\/\/communalfirstsaturdays.org\/"},{"@type":"ListItem","position":2,"name":"FAQ"}]},{"@type":"WebSite","@id":"https:\/\/communalfirstsaturdays.org\/#website","url":"https:\/\/communalfirstsaturdays.org\/","name":"The Communal First Saturdays","description":"El poder de rezar juntos","publisher":{"@id":"https:\/\/communalfirstsaturdays.org\/#organization"},"potentialAction":[{"@type":"SearchAction","target":{"@type":"EntryPoint","urlTemplate":"https:\/\/communalfirstsaturdays.org\/?s={search_term_string}"},"query-input":{"@type":"PropertyValueSpecification","valueRequired":true,"valueName":"search_term_string"}}],"inLanguage":"es"},{"@type":"Organization","@id":"https:\/\/communalfirstsaturdays.org\/#organization","name":"Los Primeros S\u00e1bados Comunitarios","url":"https:\/\/communalfirstsaturdays.org\/","logo":{"@type":"ImageObject","inLanguage":"es","@id":"https:\/\/communalfirstsaturdays.org\/#\/schema\/logo\/image\/","url":"https:\/\/communalfirstsaturdays.org\/wp-content\/uploads\/2019\/08\/cfs-logo-seo.png","contentUrl":"https:\/\/communalfirstsaturdays.org\/wp-content\/uploads\/2019\/08\/cfs-logo-seo.png","width":800,"height":462,"caption":"Communal First Saturdays"},"image":{"@id":"https:\/\/communalfirstsaturdays.org\/#\/schema\/logo\/image\/"},"sameAs":["https:\/\/www.facebook.com\/CommunalFirstSaturdays\/","https:\/\/x.com\/CFSApostolate"]}]}},"_links":{"self":[{"href":"https:\/\/communalfirstsaturdays.org\/es\/wp-json\/wp\/v2\/pages\/20","targetHints":{"allow":["GET"]}}],"collection":[{"href":"https:\/\/communalfirstsaturdays.org\/es\/wp-json\/wp\/v2\/pages"}],"about":[{"href":"https:\/\/communalfirstsaturdays.org\/es\/wp-json\/wp\/v2\/types\/page"}],"author":[{"embeddable":true,"href":"https:\/\/communalfirstsaturdays.org\/es\/wp-json\/wp\/v2\/users\/3"}],"replies":[{"embeddable":true,"href":"https:\/\/communalfirstsaturdays.org\/es\/wp-json\/wp\/v2\/comments?post=20"}],"version-history":[{"count":39,"href":"https:\/\/communalfirstsaturdays.org\/es\/wp-json\/wp\/v2\/pages\/20\/revisions"}],"predecessor-version":[{"id":14204,"href":"https:\/\/communalfirstsaturdays.org\/es\/wp-json\/wp\/v2\/pages\/20\/revisions\/14204"}],"wp:attachment":[{"href":"https:\/\/communalfirstsaturdays.org\/es\/wp-json\/wp\/v2\/media?parent=20"}],"curies":[{"name":"wp","href":"https:\/\/api.w.org\/{rel}","templated":true}]}}