{"id":3281,"date":"2021-02-12T17:59:51","date_gmt":"2021-02-12T17:59:51","guid":{"rendered":"https:\/\/45d855c02b.nxcli.net\/?page_id=3281"},"modified":"2024-02-06T17:45:57","modified_gmt":"2024-02-06T17:45:57","slug":"schedule-for-the-communal-first-saturdays","status":"publish","type":"page","link":"https:\/\/communalfirstsaturdays.org\/es\/schedule-for-the-communal-first-saturdays\/","title":{"rendered":"Programa para Los Primeros S\u00e1bados Comunitarios"},"content":{"rendered":"<div data-elementor-type=\"wp-page\" data-elementor-id=\"3281\" class=\"elementor elementor-3281\" data-elementor-post-type=\"page\">\n\t\t\t\t<div class=\"elementor-element elementor-element-c1bcc54 e-flex e-con-boxed e-con e-parent\" data-id=\"c1bcc54\" data-element_type=\"container\" data-e-type=\"container\" data-settings=\"{&quot;jet_parallax_layout_list&quot;:[]}\">\n\t\t\t\t\t<div class=\"e-con-inner\">\n\t\t\t\t<div class=\"elementor-element elementor-element-126ddcf5 elementor-widget elementor-widget-text-editor\" data-id=\"126ddcf5\" data-element_type=\"widget\" data-e-type=\"widget\" data-widget_type=\"text-editor.default\">\n\t\t\t\t<div class=\"elementor-widget-container\">\n\t\t\t\t\t\t\t\t\t<ul>\n<li>-1:00 Confesiones Individuales (sacramento de la Penitencia o Reconciliaci\u00f3n).<\/li>\n<li>-0:40 Inicio de la devoci\u00f3n comunitaria con las intenciones y las oraciones iniciales.<\/li>\n<li>-0:30 Rezo del Santo Rosario.<\/li>\n<li>0:00 Santo Sacrificio de la Misa con la Comuni\u00f3n de Reparaci\u00f3n.<\/li>\n<li>0:30 Meditaci\u00f3n de la Sagrada Escritura en los misterios del Rosario en compa\u00f1\u00eda de Nuestra Madre<\/li>\n<li>0:50 Letan\u00edas y oraciones por el Santo Padre<\/li>\n<li>0:55 Recepci\u00f3n de la Imagen de la Virgen Peregrina en la Iglesia (recomendado)<\/li>\n<li>1:00 Recepci\u00f3n del Escapulario de la Virgen del Carmen (recomendado)<\/li>\n<\/ul>\n<p><em>El 0:00 representa la hora de inicio de la Santa Misa en la parroquia o comunidad. Las intenciones y oraciones comienzan 40 minutos antes de la Misa; el Rosario se reza 30 minutos antes; y la meditaci\u00f3n (lectio divina) de la Escritura inicia justo despu\u00e9s de que termina la Misa. Se termina con las Letan\u00edas de la Sant\u00edsima Virgen Mar\u00eda y las oraciones por el Santo Padre.<\/em><\/p>\n<p>El Papa San Pablo VI dijo: \"En efecto, la meditaci\u00f3n de los misterios del Rosario... puede constituir una \u00f3ptima preparaci\u00f3n a la celebraci\u00f3n de los mismos en la acci\u00f3n lit\u00fargica y convertirse despu\u00e9s en eco prolongado\". Esta es una de las razones por las que colocamos el Rosario antes de la Misa y la meditaci\u00f3n separada y adicional despu\u00e9s de la Misa.<\/p>\n<p><em>Otras devociones recomendadas, tales como La Visitaci\u00f3n de la Imagen de la Virgen Peregrina de la Iglesia al Hogar y la Recepci\u00f3n del Escapulario de la Virgen del Carmen, se pueden realizar al finalizar las Letan\u00edas y oraciones por el Santo Padre, es decir, aproximadamente 55 minutos despu\u00e9s del inicio de la misa. Si se realizan ambas devociones, primero se har\u00eda la recepci\u00f3n de la Imagen de la Virgen Peregrina (IVP), y luego se har\u00eda la recepci\u00f3n de los escapularios. Si se realiza \u00fanicamente una de las dos, Los Primeros S\u00e1bados Comunitarios culminar\u00edan ya sea con la recepci\u00f3n de la IVP o con la recepci\u00f3n de escapularios. En caso de no realizarse ninguna devoci\u00f3n recomendada, Los Primeros S\u00e1bados Comunitarios culminar\u00edan con las Letan\u00edas y las oraciones por el Santo Padre. De ser posible, las Confesiones individuales comenzar\u00edan al menos una hora antes de la Santa Misa; en cualquier caso, es importante que el fiel revise los horarios de confesi\u00f3n vigentes de la parroquia. <\/em><em>La duraci\u00f3n de cada actividad es aproximada.<\/em><\/p>\n<p>Para m\u00e1s informaci\u00f3n, consulte el <a href=\"https:\/\/drive.google.com\/file\/d\/1IXEcj1FOXZubq3vzMe0bva133m9U3EcX\/view?usp=sharing\">gr\u00e1fico, <em>Order of the Communal First Saturdays<\/em><\/a> o el <a href=\"https:\/\/communalfirstsaturdays.org\/es\/shop\/the-order-of-the-communal-first-saturdays-pamphlet\/\">folleto, <em>El Orden de Los Primeros S\u00e1bados Comunitarios<\/em><\/a>.<\/p>\t\t\t\t\t\t\t\t<\/div>\n\t\t\t\t<\/div>\n\t\t\t\t\t<\/div>\n\t\t\t\t<\/div>\n\t\t\t\t<\/div>","protected":false},"excerpt":{"rendered":"<p>-1:00 Individual Confessions -0:40 Communal devotion begins with intentions and prayers -0:30 The Rosary 0:00 The Holy Sacrifice of the Mass with Communion of reparation 0:30 Scripture Meditation on the mysteries of the Rosary while keeping Our Lady company 0:50 Litany and Prayers for the Holy Father 0:55 Reception of the Pilgrim Virgin Statue in [&hellip;]<\/p>\n","protected":false},"author":2,"featured_media":0,"parent":0,"menu_order":0,"comment_status":"closed","ping_status":"closed","template":"","meta":{"_acf_changed":false,"om_disable_all_campaigns":false,"_monsterinsights_skip_tracking":false,"_monsterinsights_sitenote_active":false,"_monsterinsights_sitenote_note":"","_monsterinsights_sitenote_category":0,"_uf_show_specific_survey":0,"_uf_disable_surveys":false,"site-sidebar-layout":"default","site-content-layout":"default","ast-site-content-layout":"default","site-content-style":"default","site-sidebar-style":"default","ast-global-header-display":"","ast-banner-title-visibility":"","ast-main-header-display":"","ast-hfb-above-header-display":"","ast-hfb-below-header-display":"","ast-hfb-mobile-header-display":"","site-post-title":"","ast-breadcrumbs-content":"","ast-featured-img":"","footer-sml-layout":"","ast-disable-related-posts":"","theme-transparent-header-meta":"default","adv-header-id-meta":"","stick-header-meta":"","header-above-stick-meta":"","header-main-stick-meta":"","header-below-stick-meta":"","astra-migrate-meta-layouts":"default","ast-page-background-enabled":"default","ast-page-background-meta":{"desktop":{"background-color":"","background-image":"","background-repeat":"repeat","background-position":"center center","background-size":"auto","background-attachment":"scroll","background-type":"","background-media":"","overlay-type":"","overlay-color":"","overlay-opacity":"","overlay-gradient":""},"tablet":{"background-color":"","background-image":"","background-repeat":"repeat","background-position":"center center","background-size":"auto","background-attachment":"scroll","background-type":"","background-media":"","overlay-type":"","overlay-color":"","overlay-opacity":"","overlay-gradient":""},"mobile":{"background-color":"","background-image":"","background-repeat":"repeat","background-position":"center center","background-size":"auto","background-attachment":"scroll","background-type":"","background-media":"","overlay-type":"","overlay-color":"","overlay-opacity":"","overlay-gradient":""}},"ast-content-background-meta":{"desktop":{"background-color":"var(--ast-global-color-5)","background-image":"","background-repeat":"repeat","background-position":"center center","background-size":"auto","background-attachment":"scroll","background-type":"","background-media":"","overlay-type":"","overlay-color":"","overlay-opacity":"","overlay-gradient":""},"tablet":{"background-color":"var(--ast-global-color-5)","background-image":"","background-repeat":"repeat","background-position":"center center","background-size":"auto","background-attachment":"scroll","background-type":"","background-media":"","overlay-type":"","overlay-color":"","overlay-opacity":"","overlay-gradient":""},"mobile":{"background-color":"var(--ast-global-color-5)","background-image":"","background-repeat":"repeat","background-position":"center center","background-size":"auto","background-attachment":"scroll","background-type":"","background-media":"","overlay-type":"","overlay-color":"","overlay-opacity":"","overlay-gradient":""}},"footnotes":""},"class_list":["post-3281","page","type-page","status-publish","hentry"],"acf":[],"aioseo_notices":[],"yoast_head":"<!-- This site is optimized with the Yoast SEO plugin v27.4 - https:\/\/yoast.com\/product\/yoast-seo-wordpress\/ -->\n<title>Schedule for the Communal First Saturdays - The Communal First Saturdays<\/title>\n<meta name=\"robots\" content=\"index, follow, max-snippet:-1, max-image-preview:large, max-video-preview:-1\" \/>\n<link rel=\"canonical\" href=\"https:\/\/communalfirstsaturdays.org\/es\/schedule-for-the-communal-first-saturdays\/\" \/>\n<meta property=\"og:locale\" content=\"es_MX\" \/>\n<meta property=\"og:type\" content=\"article\" \/>\n<meta property=\"og:title\" content=\"Schedule for the Communal First Saturdays - The Communal First Saturdays\" \/>\n<meta property=\"og:description\" content=\"-1:00 Individual Confessions -0:40 Communal devotion begins with intentions and prayers -0:30 The Rosary 0:00 The Holy Sacrifice of the Mass with Communion of reparation 0:30 Scripture Meditation on the mysteries of the Rosary while keeping Our Lady company 0:50 Litany and Prayers for the Holy Father 0:55 Reception of the Pilgrim Virgin Statue in [&hellip;]\" \/>\n<meta property=\"og:url\" content=\"https:\/\/communalfirstsaturdays.org\/es\/schedule-for-the-communal-first-saturdays\/\" \/>\n<meta property=\"og:site_name\" content=\"The Communal First Saturdays\" \/>\n<meta property=\"article:publisher\" content=\"https:\/\/www.facebook.com\/CommunalFirstSaturdays\/\" \/>\n<meta property=\"article:modified_time\" content=\"2024-02-06T17:45:57+00:00\" \/>\n<meta property=\"og:image\" content=\"https:\/\/communalfirstsaturdays.org\/wp-content\/uploads\/2023\/05\/full-sized-logo-color.jpg\" \/>\n\t<meta property=\"og:image:width\" content=\"1200\" \/>\n\t<meta property=\"og:image:height\" content=\"782\" \/>\n\t<meta property=\"og:image:type\" content=\"image\/jpeg\" \/>\n<meta name=\"twitter:card\" content=\"summary_large_image\" \/>\n<meta name=\"twitter:site\" content=\"@CFSApostolate\" \/>\n<meta name=\"twitter:label1\" content=\"Tiempo de lectura\" \/>\n\t<meta name=\"twitter:data1\" content=\"2 minutos\" \/>\n<script type=\"application\/ld+json\" class=\"yoast-schema-graph\">{\"@context\":\"https:\\\/\\\/schema.org\",\"@graph\":[{\"@type\":\"WebPage\",\"@id\":\"https:\\\/\\\/communalfirstsaturdays.org\\\/schedule-for-the-communal-first-saturdays\\\/\",\"url\":\"https:\\\/\\\/communalfirstsaturdays.org\\\/schedule-for-the-communal-first-saturdays\\\/\",\"name\":\"Schedule for the Communal First Saturdays - The Communal First Saturdays\",\"isPartOf\":{\"@id\":\"https:\\\/\\\/communalfirstsaturdays.org\\\/#website\"},\"datePublished\":\"2021-02-12T17:59:51+00:00\",\"dateModified\":\"2024-02-06T17:45:57+00:00\",\"breadcrumb\":{\"@id\":\"https:\\\/\\\/communalfirstsaturdays.org\\\/schedule-for-the-communal-first-saturdays\\\/#breadcrumb\"},\"inLanguage\":\"es\",\"potentialAction\":[{\"@type\":\"ReadAction\",\"target\":[\"https:\\\/\\\/communalfirstsaturdays.org\\\/schedule-for-the-communal-first-saturdays\\\/\"]}]},{\"@type\":\"BreadcrumbList\",\"@id\":\"https:\\\/\\\/communalfirstsaturdays.org\\\/schedule-for-the-communal-first-saturdays\\\/#breadcrumb\",\"itemListElement\":[{\"@type\":\"ListItem\",\"position\":1,\"name\":\"Home\",\"item\":\"https:\\\/\\\/communalfirstsaturdays.org\\\/\"},{\"@type\":\"ListItem\",\"position\":2,\"name\":\"Schedule for the Communal First Saturdays\"}]},{\"@type\":\"WebSite\",\"@id\":\"https:\\\/\\\/communalfirstsaturdays.org\\\/#website\",\"url\":\"https:\\\/\\\/communalfirstsaturdays.org\\\/\",\"name\":\"The Communal First Saturdays\",\"description\":\"Power in Prayer Together\",\"publisher\":{\"@id\":\"https:\\\/\\\/communalfirstsaturdays.org\\\/#organization\"},\"potentialAction\":[{\"@type\":\"SearchAction\",\"target\":{\"@type\":\"EntryPoint\",\"urlTemplate\":\"https:\\\/\\\/communalfirstsaturdays.org\\\/?s={search_term_string}\"},\"query-input\":{\"@type\":\"PropertyValueSpecification\",\"valueRequired\":true,\"valueName\":\"search_term_string\"}}],\"inLanguage\":\"es\"},{\"@type\":\"Organization\",\"@id\":\"https:\\\/\\\/communalfirstsaturdays.org\\\/#organization\",\"name\":\"Communal First Saturdays\",\"url\":\"https:\\\/\\\/communalfirstsaturdays.org\\\/\",\"logo\":{\"@type\":\"ImageObject\",\"inLanguage\":\"es\",\"@id\":\"https:\\\/\\\/communalfirstsaturdays.org\\\/#\\\/schema\\\/logo\\\/image\\\/\",\"url\":\"https:\\\/\\\/communalfirstsaturdays.org\\\/wp-content\\\/uploads\\\/2019\\\/08\\\/cfs-logo-seo.png\",\"contentUrl\":\"https:\\\/\\\/communalfirstsaturdays.org\\\/wp-content\\\/uploads\\\/2019\\\/08\\\/cfs-logo-seo.png\",\"width\":800,\"height\":462,\"caption\":\"Communal First Saturdays\"},\"image\":{\"@id\":\"https:\\\/\\\/communalfirstsaturdays.org\\\/#\\\/schema\\\/logo\\\/image\\\/\"},\"sameAs\":[\"https:\\\/\\\/www.facebook.com\\\/CommunalFirstSaturdays\\\/\",\"https:\\\/\\\/x.com\\\/CFSApostolate\"]}]}<\/script>\n<!-- \/ Yoast SEO plugin. -->","yoast_head_json":{"title":"Schedule for the Communal First Saturdays - The Communal First Saturdays","robots":{"index":"index","follow":"follow","max-snippet":"max-snippet:-1","max-image-preview":"max-image-preview:large","max-video-preview":"max-video-preview:-1"},"canonical":"https:\/\/communalfirstsaturdays.org\/es\/schedule-for-the-communal-first-saturdays\/","og_locale":"es_MX","og_type":"article","og_title":"Schedule for the Communal First Saturdays - The Communal First Saturdays","og_description":"-1:00 Individual Confessions -0:40 Communal devotion begins with intentions and prayers -0:30 The Rosary 0:00 The Holy Sacrifice of the Mass with Communion of reparation 0:30 Scripture Meditation on the mysteries of the Rosary while keeping Our Lady company 0:50 Litany and Prayers for the Holy Father 0:55 Reception of the Pilgrim Virgin Statue in [&hellip;]","og_url":"https:\/\/communalfirstsaturdays.org\/es\/schedule-for-the-communal-first-saturdays\/","og_site_name":"The Communal First Saturdays","article_publisher":"https:\/\/www.facebook.com\/CommunalFirstSaturdays\/","article_modified_time":"2024-02-06T17:45:57+00:00","og_image":[{"width":1200,"height":782,"url":"https:\/\/communalfirstsaturdays.org\/wp-content\/uploads\/2023\/05\/full-sized-logo-color.jpg","type":"image\/jpeg"}],"twitter_card":"summary_large_image","twitter_site":"@CFSApostolate","twitter_misc":{"Tiempo de lectura":"2 minutos"},"schema":{"@context":"https:\/\/schema.org","@graph":[{"@type":"WebPage","@id":"https:\/\/communalfirstsaturdays.org\/schedule-for-the-communal-first-saturdays\/","url":"https:\/\/communalfirstsaturdays.org\/schedule-for-the-communal-first-saturdays\/","name":"Schedule for the Communal First Saturdays - The Communal First Saturdays","isPartOf":{"@id":"https:\/\/communalfirstsaturdays.org\/#website"},"datePublished":"2021-02-12T17:59:51+00:00","dateModified":"2024-02-06T17:45:57+00:00","breadcrumb":{"@id":"https:\/\/communalfirstsaturdays.org\/schedule-for-the-communal-first-saturdays\/#breadcrumb"},"inLanguage":"es","potentialAction":[{"@type":"ReadAction","target":["https:\/\/communalfirstsaturdays.org\/schedule-for-the-communal-first-saturdays\/"]}]},{"@type":"BreadcrumbList","@id":"https:\/\/communalfirstsaturdays.org\/schedule-for-the-communal-first-saturdays\/#breadcrumb","itemListElement":[{"@type":"ListItem","position":1,"name":"Home","item":"https:\/\/communalfirstsaturdays.org\/"},{"@type":"ListItem","position":2,"name":"Schedule for the Communal First Saturdays"}]},{"@type":"WebSite","@id":"https:\/\/communalfirstsaturdays.org\/#website","url":"https:\/\/communalfirstsaturdays.org\/","name":"The Communal First Saturdays","description":"El poder de rezar juntos","publisher":{"@id":"https:\/\/communalfirstsaturdays.org\/#organization"},"potentialAction":[{"@type":"SearchAction","target":{"@type":"EntryPoint","urlTemplate":"https:\/\/communalfirstsaturdays.org\/?s={search_term_string}"},"query-input":{"@type":"PropertyValueSpecification","valueRequired":true,"valueName":"search_term_string"}}],"inLanguage":"es"},{"@type":"Organization","@id":"https:\/\/communalfirstsaturdays.org\/#organization","name":"Los Primeros S\u00e1bados Comunitarios","url":"https:\/\/communalfirstsaturdays.org\/","logo":{"@type":"ImageObject","inLanguage":"es","@id":"https:\/\/communalfirstsaturdays.org\/#\/schema\/logo\/image\/","url":"https:\/\/communalfirstsaturdays.org\/wp-content\/uploads\/2019\/08\/cfs-logo-seo.png","contentUrl":"https:\/\/communalfirstsaturdays.org\/wp-content\/uploads\/2019\/08\/cfs-logo-seo.png","width":800,"height":462,"caption":"Communal First Saturdays"},"image":{"@id":"https:\/\/communalfirstsaturdays.org\/#\/schema\/logo\/image\/"},"sameAs":["https:\/\/www.facebook.com\/CommunalFirstSaturdays\/","https:\/\/x.com\/CFSApostolate"]}]}},"_links":{"self":[{"href":"https:\/\/communalfirstsaturdays.org\/es\/wp-json\/wp\/v2\/pages\/3281","targetHints":{"allow":["GET"]}}],"collection":[{"href":"https:\/\/communalfirstsaturdays.org\/es\/wp-json\/wp\/v2\/pages"}],"about":[{"href":"https:\/\/communalfirstsaturdays.org\/es\/wp-json\/wp\/v2\/types\/page"}],"author":[{"embeddable":true,"href":"https:\/\/communalfirstsaturdays.org\/es\/wp-json\/wp\/v2\/users\/2"}],"replies":[{"embeddable":true,"href":"https:\/\/communalfirstsaturdays.org\/es\/wp-json\/wp\/v2\/comments?post=3281"}],"version-history":[{"count":10,"href":"https:\/\/communalfirstsaturdays.org\/es\/wp-json\/wp\/v2\/pages\/3281\/revisions"}],"predecessor-version":[{"id":13939,"href":"https:\/\/communalfirstsaturdays.org\/es\/wp-json\/wp\/v2\/pages\/3281\/revisions\/13939"}],"wp:attachment":[{"href":"https:\/\/communalfirstsaturdays.org\/es\/wp-json\/wp\/v2\/media?parent=3281"}],"curies":[{"name":"wp","href":"https:\/\/api.w.org\/{rel}","templated":true}]}}